{"id":3599,"date":"2024-01-25T19:14:09","date_gmt":"2024-01-25T19:14:09","guid":{"rendered":"https:\/\/campinglavall.net\/actividades-y-entorno\/"},"modified":"2024-10-10T06:53:31","modified_gmt":"2024-10-10T06:53:31","slug":"actividades-y-entorno","status":"publish","type":"page","link":"https:\/\/campinglavall.net\/es\/actividades-y-entorno\/","title":{"rendered":"Actividades y entorno"},"content":{"rendered":"<section class=\"l-section wpb_row banner-principal height_auto width_full\"><div class=\"l-section-h i-cf\"><div class=\"g-cols vc_row via_grid cols_1 laptops-cols_inherit tablets-cols_inherit mobiles-cols_1 valign_top type_default stacking_default\"><div class=\"wpb_column vc_column_container\"><div class=\"vc_column-inner\"><div class=\"w-grid type_carousel layout_111\" id=\"us_grid_1\"><style>.layout_111 .w-grid-item-h{}<\/style><div class=\"w-grid-list owl-carousel navstyle_circle navpos_outside\">\t<article class=\"w-grid-item post-3221 attachment type-attachment status-inherit hentry\" data-id=\"3221\">\r\n\t\t<div class=\"w-grid-item-h\">\r\n\t\t\t\t\t\t<div class=\"w-post-elm post_image usg_post_image_1 stretched\"><a href=\"https:\/\/campinglavall.net\/es\/actividades-y-entorno\/_agc3873-3\/\" aria-label=\"_AGC3873\"><img loading=\"lazy\" decoding=\"async\" width=\"1920\" height=\"823\" src=\"https:\/\/campinglavall.net\/wp-content\/uploads\/2024\/03\/AGC3873.webp\" class=\"attachment-full size-full\" alt=\"\" srcset=\"https:\/\/campinglavall.net\/wp-content\/uploads\/2024\/03\/AGC3873.webp 1920w, https:\/\/campinglavall.net\/wp-content\/uploads\/2024\/03\/AGC3873-300x129.webp 300w, https:\/\/campinglavall.net\/wp-content\/uploads\/2024\/03\/AGC3873-1024x439.webp 1024w\" sizes=\"auto, (max-width: 1920px) 100vw, 1920px\" \/><\/a><\/div>\t\t<\/div>\r\n\t<\/article>\r\n\t<article class=\"w-grid-item post-3219 attachment type-attachment status-inherit hentry\" data-id=\"3219\">\r\n\t\t<div class=\"w-grid-item-h\">\r\n\t\t\t\t\t\t<div class=\"w-post-elm post_image usg_post_image_1 stretched\"><a href=\"https:\/\/campinglavall.net\/es\/actividades-y-entorno\/_agc3928-2\/\" aria-label=\"_AGC3928\"><img loading=\"lazy\" decoding=\"async\" width=\"1920\" height=\"823\" src=\"https:\/\/campinglavall.net\/wp-content\/uploads\/2024\/03\/AGC3928.webp\" class=\"attachment-full size-full\" alt=\"\" srcset=\"https:\/\/campinglavall.net\/wp-content\/uploads\/2024\/03\/AGC3928.webp 1920w, https:\/\/campinglavall.net\/wp-content\/uploads\/2024\/03\/AGC3928-300x129.webp 300w, https:\/\/campinglavall.net\/wp-content\/uploads\/2024\/03\/AGC3928-1024x439.webp 1024w\" sizes=\"auto, (max-width: 1920px) 100vw, 1920px\" \/><\/a><\/div>\t\t<\/div>\r\n\t<\/article>\r\n\t<article class=\"w-grid-item post-3217 attachment type-attachment status-inherit hentry\" data-id=\"3217\">\r\n\t\t<div class=\"w-grid-item-h\">\r\n\t\t\t\t\t\t<div class=\"w-post-elm post_image usg_post_image_1 stretched\"><a href=\"https:\/\/campinglavall.net\/es\/actividades-y-entorno\/_agc3508-2\/\" aria-label=\"_AGC3508\"><img loading=\"lazy\" decoding=\"async\" width=\"1920\" height=\"823\" src=\"https:\/\/campinglavall.net\/wp-content\/uploads\/2024\/03\/AGC3508.webp\" class=\"attachment-full size-full\" alt=\"\" srcset=\"https:\/\/campinglavall.net\/wp-content\/uploads\/2024\/03\/AGC3508.webp 1920w, https:\/\/campinglavall.net\/wp-content\/uploads\/2024\/03\/AGC3508-300x129.webp 300w, https:\/\/campinglavall.net\/wp-content\/uploads\/2024\/03\/AGC3508-1024x439.webp 1024w\" sizes=\"auto, (max-width: 1920px) 100vw, 1920px\" \/><\/a><\/div>\t\t<\/div>\r\n\t<\/article>\r\n<\/div><div class=\"g-preloader type_1\">\r\n\t<div><\/div>\r\n<\/div>\r\n\t<div class=\"w-grid-json hidden\" onclick='return {&quot;action&quot;:&quot;us_ajax_grid&quot;,&quot;ajax_url&quot;:&quot;https:\\\/\\\/campinglavall.net\\\/wp-admin\\\/admin-ajax.php&quot;,&quot;infinite_scroll&quot;:0,&quot;max_num_pages&quot;:1,&quot;pagination&quot;:&quot;none&quot;,&quot;permalink_url&quot;:&quot;https:\\\/\\\/campinglavall.net\\\/es\\\/wp-json\\\/wp\\\/v2\\\/pages\\\/3599\\\/&quot;,&quot;template_vars&quot;:{&quot;columns&quot;:&quot;1&quot;,&quot;exclude_items&quot;:&quot;none&quot;,&quot;img_size&quot;:&quot;default&quot;,&quot;ignore_items_size&quot;:0,&quot;items_layout&quot;:&quot;111&quot;,&quot;items_offset&quot;:&quot;1&quot;,&quot;load_animation&quot;:&quot;none&quot;,&quot;overriding_link&quot;:&quot;none&quot;,&quot;post_id&quot;:3599,&quot;query_args&quot;:{&quot;post_type&quot;:[&quot;attachment&quot;],&quot;post__in&quot;:[&quot;1990&quot;,&quot;1991&quot;,&quot;1992&quot;],&quot;post_status&quot;:&quot;inherit&quot;,&quot;post_mime_type&quot;:&quot;image&quot;,&quot;posts_per_page&quot;:&quot;10&quot;},&quot;orderby_query_args&quot;:{&quot;orderby&quot;:{&quot;date&quot;:&quot;DESC&quot;}},&quot;type&quot;:&quot;carousel&quot;,&quot;us_grid_ajax_index&quot;:1,&quot;us_grid_filter_params&quot;:null,&quot;us_grid_index&quot;:1,&quot;_us_grid_post_type&quot;:&quot;attachment&quot;,&quot;lang&quot;:&quot;es&quot;},&quot;carousel_settings&quot;:{&quot;autoHeight&quot;:0,&quot;autoplay&quot;:1,&quot;carousel_fade&quot;:1,&quot;center&quot;:0,&quot;dots&quot;:0,&quot;items&quot;:&quot;1&quot;,&quot;loop&quot;:true,&quot;nav&quot;:0,&quot;slideby&quot;:&quot;1&quot;,&quot;smooth_play&quot;:0,&quot;speed&quot;:250,&quot;timeout&quot;:4000,&quot;transition&quot;:&quot;&quot;},&quot;carousel_breakpoints&quot;:{&quot;0&quot;:{&quot;autoHeight&quot;:0,&quot;autoplay&quot;:1,&quot;autoplayHoverPause&quot;:1,&quot;items&quot;:1,&quot;loop&quot;:true,&quot;stagePadding&quot;:0},&quot;600&quot;:{&quot;autoHeight&quot;:0,&quot;autoplay&quot;:1,&quot;autoplayHoverPause&quot;:1,&quot;items&quot;:1,&quot;loop&quot;:true,&quot;stagePadding&quot;:0},&quot;900&quot;:{&quot;autoHeight&quot;:0,&quot;autoplay&quot;:1,&quot;autoplayHoverPause&quot;:1,&quot;items&quot;:1,&quot;loop&quot;:true,&quot;stagePadding&quot;:0},&quot;1200&quot;:{&quot;items&quot;:1,&quot;stagePadding&quot;:0}}}'><\/div>\r\n\t<\/div><div class=\"wpb_text_column us_custom_4adbe676 title-center-banner has_text_color\"><div class=\"wpb_wrapper\"><h1 style=\"text-align: center;\">ACTIVIDADES Y ENTORNO<\/h1>\n<\/div><\/div><\/div><\/div><\/div><\/div><\/section><section class=\"l-section wpb_row height_auto width_full\"><div class=\"l-section-h i-cf\"><div class=\"g-cols vc_row via_grid cols_1 laptops-cols_inherit tablets-cols_inherit mobiles-cols_1 valign_top type_default stacking_default\"><div class=\"wpb_column vc_column_container\"><div class=\"vc_column-inner\"><style data-type=\"us_custom-css\">.inner-row-green-section{max-width:1600px;margin:auto}.text-brown{color:#D3A981}.w-iconbox.iconpos_left .w-iconbox-icon{margin-right:5px}.no-touch a.w-iconbox-link:hover{color:#D3A981!important}.us_custom_b52c841d{text-wrap:balance;text-align:center}.hwrapper-section-green{margin-bottom:0!important}@media (max-width:900px){.inner-row-green-section{grid-template-columns:100%!important;grid-gap:1rem!important}}@media (max-width:600px){.hwrapper-section-green{flex-direction:column}}<\/style><section class=\"l-section wpb_row us_custom_858e3fd9 height_auto width_full\"><div class=\"l-section-h i-cf\"><div class=\"g-cols vc_row via_grid cols_1 laptops-cols_inherit tablets-cols_inherit mobiles-cols_1 valign_middle type_default stacking_default\"><div class=\"wpb_column vc_column_container\"><div class=\"vc_column-inner\"><div class=\"g-cols wpb_row inner-row-green-section via_grid cols_2 laptops-cols_inherit tablets-cols_inherit mobiles-cols_1 valign_middle type_default stacking_default\"><div class=\"wpb_column vc_column_container\"><div class=\"vc_column-inner\"><div class=\"w-hwrapper hwrapper-section-green hwrapper1 align_center valign_middle\" style=\"--hwrapper-gap:1.20rem\"><div class=\"w-iconbox us_custom_99ba7a74 has_text_color iconpos_left style_default color_custom align_center no_text\"><a href=\"mailto:info@campinglavall.net\" class=\"w-iconbox-link\" aria-label=\"info@campinglavall.net\"><div class=\"w-iconbox-icon\" style=\"font-size:1rem;color:#ffffff;\"><i class=\"fas fa-envelope\"><\/i><\/div><\/a><div class=\"w-iconbox-meta\"><a href=\"mailto:info@campinglavall.net\" class=\"w-iconbox-link\" aria-label=\"info@campinglavall.net\"><p class=\"w-iconbox-title\" style=\"font-size:1rem;\">info@campinglavall.net<\/p><\/a><\/div><\/div><div class=\"w-iconbox us_custom_99ba7a74 has_text_color iconpos_left style_default color_custom align_center no_text\"><a href=\"https:\/\/www.google.com\/maps\/dir\/\/Crta.+Del+Collell+Km.+1,5,+17831+Sant+Miquel+de+Campmajor,+Girona\/@42.1367425,2.5961172,12z\/data=!4m8!4m7!1m0!1m5!1m1!1s0x12bac6bd5881a149:0xea9497a137d90b14!2m2!1d2.678518!2d42.136772?entry=ttu\" class=\"w-iconbox-link\" aria-label=\"Como llegar\"><div class=\"w-iconbox-icon\" style=\"font-size:1rem;color:#ffffff;\"><i class=\"fas fa-map-marker-alt\"><\/i><\/div><\/a><div class=\"w-iconbox-meta\"><a href=\"https:\/\/www.google.com\/maps\/dir\/\/Crta.+Del+Collell+Km.+1,5,+17831+Sant+Miquel+de+Campmajor,+Girona\/@42.1367425,2.5961172,12z\/data=!4m8!4m7!1m0!1m5!1m1!1s0x12bac6bd5881a149:0xea9497a137d90b14!2m2!1d2.678518!2d42.136772?entry=ttu\" class=\"w-iconbox-link\" aria-label=\"Como llegar\"><p class=\"w-iconbox-title\" style=\"font-size:1rem;\">Como llegar<\/p><\/a><\/div><\/div><div class=\"w-iconbox us_custom_99ba7a74 has_text_color iconpos_left style_default color_custom align_center no_text\"><a href=\"tel:+34650430764\" class=\"w-iconbox-link\" aria-label=\"+34 650 430 764\"><div class=\"w-iconbox-icon\" style=\"font-size:1rem;color:#ffffff;\"><i class=\"fas fa-phone\"><\/i><\/div><\/a><div class=\"w-iconbox-meta\"><a href=\"tel:+34650430764\" class=\"w-iconbox-link\" aria-label=\"+34 650 430 764\"><p class=\"w-iconbox-title\" style=\"font-size:1rem;\">+34 650 430 764<\/p><\/a><\/div><\/div><\/div><\/div><\/div><div class=\"wpb_column vc_column_container\"><div class=\"vc_column-inner\"><div class=\"w-hwrapper hwrapper-section-green align_center valign_middle\" style=\"--hwrapper-gap:1.20rem\"><div class=\"w-btn-wrapper align_center\"><a class=\"w-btn us-btn-style_8\" href=\"https:\/\/reservations.holacamp.net\/es\/hotel\/vallnatura?adults=2&amp;ninos=0&amp;origin=web_camping&amp;prom=vallnatura\"><span class=\"w-btn-label\">Reservas<\/span><\/a><\/div><div class=\"w-btn-wrapper align_center\"><a class=\"w-btn us-btn-style_8\" href=\"https:\/\/campinglavall.net\/es\/contacto\/\"><span class=\"w-btn-label\">Contacto<\/span><\/a><\/div><\/div><\/div><\/div><\/div><\/div><\/div><\/div><\/div><\/section>\n<\/div><\/div><\/div><\/div><\/section><section class=\"l-section wpb_row us_custom_f3f68ac4 height_medium\" id=\"row-tabs\"><div class=\"l-section-h i-cf\"><div class=\"g-cols vc_row via_grid cols_1 laptops-cols_inherit tablets-cols_inherit mobiles-cols_1 valign_top type_default stacking_default\"><div class=\"wpb_column vc_column_container\"><div class=\"vc_column-inner\"><div class=\"wpb_text_column\"><div class=\"wpb_wrapper\"><p style=\"text-align: center;\">*Todas las actividades est\u00e1n programadas seg\u00fan temporada, consultar con recepci\u00f3n antes de su estancia<\/p>\n<\/div><\/div><div class=\"g-cols wpb_row section-title via_grid cols_1 laptops-cols_inherit tablets-cols_inherit mobiles-cols_1 valign_top type_default stacking_default\"><div class=\"wpb_column vc_column_container\"><div class=\"vc_column-inner\"><div class=\"wpb_text_column\"><div class=\"wpb_wrapper\"><p style=\"text-align: center;\">Actividades desde el camping<\/p>\n<\/div><\/div><\/div><\/div><\/div><div class=\"g-cols wpb_row via_grid cols_4 laptops-cols_inherit tablets-cols_inherit mobiles-cols_1 valign_top type_default stacking_default\" style=\"grid-gap:1rem;\"><div class=\"wpb_column vc_column_container div-overlay\"><div class=\"vc_column-overlay\" style=\"background:linear-gradient(180deg,rgba(26,26,26,0.6),rgba(0,0,0,0.85))\"><\/div><div class=\"vc_column-inner\"><div class=\"w-image align_none\"><div class=\"w-image-h\"><img loading=\"lazy\" decoding=\"async\" width=\"800\" height=\"535\" src=\"https:\/\/campinglavall.net\/wp-content\/uploads\/2024\/01\/Resclosa-a-Sant-Miquel.jpg\" class=\"attachment-large size-large\" alt=\"\" srcset=\"https:\/\/campinglavall.net\/wp-content\/uploads\/2024\/01\/Resclosa-a-Sant-Miquel.jpg 800w, https:\/\/campinglavall.net\/wp-content\/uploads\/2024\/01\/Resclosa-a-Sant-Miquel-300x201.jpg 300w\" sizes=\"auto, (max-width: 800px) 100vw, 800px\" \/><\/div><\/div><div class=\"w-vwrapper div-absolute align_none valign_top\"><div class=\"wpb_text_column us_custom_b9b06795 titulo-actividad has_text_color\"><div class=\"wpb_wrapper\"><p style=\"text-align: center;\"><strong>Salto de agua \u201cla esclusa\u201d<\/strong><\/p>\n<\/div><\/div><div class=\"w-hwrapper align_center valign_middle\" style=\"--hwrapper-gap:1.20rem\"><div class=\"wpb_text_column us_custom_4adbe676 distancia-activitat has_text_color\"><div class=\"wpb_wrapper\"><p><strong>A 400m<\/strong><\/p>\n<\/div><\/div><div class=\"w-image icons-activitats1 align_none\"><div class=\"w-image-h\"><img loading=\"lazy\" decoding=\"async\" width=\"80\" height=\"80\" src=\"https:\/\/campinglavall.net\/wp-content\/uploads\/2024\/01\/caminant-80x80-1.png\" class=\"attachment-large size-large\" alt=\"\" \/><\/div><\/div><div class=\"w-image icons-activitats2 align_none\"><div class=\"w-image-h\"><img loading=\"lazy\" decoding=\"async\" width=\"512\" height=\"512\" src=\"https:\/\/campinglavall.net\/wp-content\/uploads\/2024\/01\/en-bicicleta.png\" class=\"attachment-large size-large\" alt=\"\" srcset=\"https:\/\/campinglavall.net\/wp-content\/uploads\/2024\/01\/en-bicicleta.png 512w, https:\/\/campinglavall.net\/wp-content\/uploads\/2024\/01\/en-bicicleta-300x300.png 300w, https:\/\/campinglavall.net\/wp-content\/uploads\/2024\/01\/en-bicicleta-150x150.png 150w\" sizes=\"auto, (max-width: 512px) 100vw, 512px\" \/><\/div><\/div><\/div><\/div><\/div><\/div><div class=\"wpb_column vc_column_container div-overlay\"><div class=\"vc_column-overlay\" style=\"background:linear-gradient(180deg,rgba(26,26,26,0.6),rgba(0,0,0,0.85))\"><\/div><div class=\"vc_column-inner\"><div class=\"w-image align_none\"><div class=\"w-image-h\"><img loading=\"lazy\" decoding=\"async\" width=\"800\" height=\"535\" src=\"https:\/\/campinglavall.net\/wp-content\/uploads\/2024\/01\/Gorga-del-diable-3-1.jpg\" class=\"attachment-large size-large\" alt=\"\" srcset=\"https:\/\/campinglavall.net\/wp-content\/uploads\/2024\/01\/Gorga-del-diable-3-1.jpg 800w, https:\/\/campinglavall.net\/wp-content\/uploads\/2024\/01\/Gorga-del-diable-3-1-300x201.jpg 300w\" sizes=\"auto, (max-width: 800px) 100vw, 800px\" \/><\/div><\/div><div class=\"w-vwrapper div-absolute align_none valign_top\"><div class=\"wpb_text_column us_custom_b9b06795 titulo-actividad has_text_color\"><div class=\"wpb_wrapper\"><p style=\"text-align: center;\"><strong>Gorga del diablo<\/strong><\/p>\n<\/div><\/div><div class=\"w-hwrapper align_center valign_middle\" style=\"--hwrapper-gap:1.20rem\"><div class=\"wpb_text_column us_custom_4adbe676 distancia-activitat has_text_color\"><div class=\"wpb_wrapper\"><p><strong>A 3,5km<\/strong><\/p>\n<\/div><\/div><div class=\"w-image icons-activitats1 align_none\"><div class=\"w-image-h\"><img loading=\"lazy\" decoding=\"async\" width=\"80\" height=\"80\" src=\"https:\/\/campinglavall.net\/wp-content\/uploads\/2024\/01\/caminant-80x80-1.png\" class=\"attachment-large size-large\" alt=\"\" \/><\/div><\/div><div class=\"w-image icons-activitats2 align_none\"><div class=\"w-image-h\"><img loading=\"lazy\" decoding=\"async\" width=\"512\" height=\"512\" src=\"https:\/\/campinglavall.net\/wp-content\/uploads\/2024\/01\/en-bicicleta.png\" class=\"attachment-large size-large\" alt=\"\" srcset=\"https:\/\/campinglavall.net\/wp-content\/uploads\/2024\/01\/en-bicicleta.png 512w, https:\/\/campinglavall.net\/wp-content\/uploads\/2024\/01\/en-bicicleta-300x300.png 300w, https:\/\/campinglavall.net\/wp-content\/uploads\/2024\/01\/en-bicicleta-150x150.png 150w\" sizes=\"auto, (max-width: 512px) 100vw, 512px\" \/><\/div><\/div><\/div><\/div><\/div><\/div><div class=\"wpb_column vc_column_container div-overlay\"><div class=\"vc_column-overlay\" style=\"background:linear-gradient(180deg,rgba(26,26,26,0.6),rgba(0,0,0,0.85))\"><\/div><div class=\"vc_column-inner\"><div class=\"w-image align_none\"><div class=\"w-image-h\"><img loading=\"lazy\" decoding=\"async\" width=\"800\" height=\"534\" src=\"https:\/\/campinglavall.net\/wp-content\/uploads\/2024\/01\/btt-1.jpg\" class=\"attachment-large size-large\" alt=\"\" srcset=\"https:\/\/campinglavall.net\/wp-content\/uploads\/2024\/01\/btt-1.jpg 800w, https:\/\/campinglavall.net\/wp-content\/uploads\/2024\/01\/btt-1-300x200.jpg 300w\" sizes=\"auto, (max-width: 800px) 100vw, 800px\" \/><\/div><\/div><div class=\"w-vwrapper div-absolute align_none valign_top\"><div class=\"wpb_text_column us_custom_b9b06795 titulo-actividad has_text_color\"><div class=\"wpb_wrapper\"><p style=\"text-align: center;\"><strong>Rutas BTT \/ diferentes rutas<\/strong><\/p>\n<\/div><\/div><div class=\"w-hwrapper align_center valign_middle\" style=\"--hwrapper-gap:1.20rem\"><div class=\"wpb_text_column us_custom_4adbe676 distancia-activitat has_text_color\"><div class=\"wpb_wrapper\"><p><strong>A 0km<\/strong><\/p>\n<\/div><\/div><div class=\"w-image icons-activitats1 align_none\"><div class=\"w-image-h\"><img loading=\"lazy\" decoding=\"async\" width=\"512\" height=\"512\" src=\"https:\/\/campinglavall.net\/wp-content\/uploads\/2024\/01\/en-bicicleta.png\" class=\"attachment-large size-large\" alt=\"\" srcset=\"https:\/\/campinglavall.net\/wp-content\/uploads\/2024\/01\/en-bicicleta.png 512w, https:\/\/campinglavall.net\/wp-content\/uploads\/2024\/01\/en-bicicleta-300x300.png 300w, https:\/\/campinglavall.net\/wp-content\/uploads\/2024\/01\/en-bicicleta-150x150.png 150w\" sizes=\"auto, (max-width: 512px) 100vw, 512px\" \/><\/div><\/div><\/div><\/div><\/div><\/div><div class=\"wpb_column vc_column_container div-overlay\"><div class=\"vc_column-overlay\" style=\"background:linear-gradient(180deg,rgba(26,26,26,0.6),rgba(0,0,0,0.85))\"><\/div><div class=\"vc_column-inner\"><div class=\"w-image align_none\"><div class=\"w-image-h\"><img loading=\"lazy\" decoding=\"async\" width=\"800\" height=\"535\" src=\"https:\/\/campinglavall.net\/wp-content\/uploads\/2024\/01\/senderisme.jpg\" class=\"attachment-large size-large\" alt=\"\" srcset=\"https:\/\/campinglavall.net\/wp-content\/uploads\/2024\/01\/senderisme.jpg 800w, https:\/\/campinglavall.net\/wp-content\/uploads\/2024\/01\/senderisme-300x201.jpg 300w\" sizes=\"auto, (max-width: 800px) 100vw, 800px\" \/><\/div><\/div><div class=\"w-vwrapper div-absolute align_none valign_top\"><div class=\"wpb_text_column us_custom_b9b06795 titulo-actividad has_text_color\"><div class=\"wpb_wrapper\"><p style=\"text-align: center;\"><strong>Senderismo \/diferentes rutas<\/strong><\/p>\n<\/div><\/div><div class=\"w-hwrapper align_center valign_middle\" style=\"--hwrapper-gap:1.20rem\"><div class=\"wpb_text_column us_custom_4adbe676 distancia-activitat has_text_color\"><div class=\"wpb_wrapper\"><p><strong>A 0km<\/strong><\/p>\n<\/div><\/div><div class=\"w-image icons-activitats1 align_none\"><div class=\"w-image-h\"><img loading=\"lazy\" decoding=\"async\" width=\"80\" height=\"80\" src=\"https:\/\/campinglavall.net\/wp-content\/uploads\/2024\/01\/caminant-80x80-1.png\" class=\"attachment-large size-large\" alt=\"\" \/><\/div><\/div><\/div><\/div><\/div><\/div><\/div><div class=\"w-separator size_small\"><\/div><div class=\"g-cols wpb_row via_grid cols_4 laptops-cols_inherit tablets-cols_inherit mobiles-cols_1 valign_top type_default stacking_default\" style=\"grid-gap:1rem;\"><div class=\"wpb_column vc_column_container div-overlay\"><div class=\"vc_column-overlay\" style=\"background:linear-gradient(180deg,rgba(26,26,26,0.6),rgba(0,0,0,0.85))\"><\/div><div class=\"vc_column-inner\"><div class=\"w-image align_none\"><div class=\"w-image-h\"><img loading=\"lazy\" decoding=\"async\" width=\"800\" height=\"535\" src=\"https:\/\/campinglavall.net\/wp-content\/uploads\/2024\/01\/passejades-entre-ramats-de-vaques-i-ovelles.jpg\" class=\"attachment-large size-large\" alt=\"\" srcset=\"https:\/\/campinglavall.net\/wp-content\/uploads\/2024\/01\/passejades-entre-ramats-de-vaques-i-ovelles.jpg 800w, https:\/\/campinglavall.net\/wp-content\/uploads\/2024\/01\/passejades-entre-ramats-de-vaques-i-ovelles-300x201.jpg 300w\" sizes=\"auto, (max-width: 800px) 100vw, 800px\" \/><\/div><\/div><div class=\"w-vwrapper div-absolute align_none valign_top\"><div class=\"wpb_text_column us_custom_b9b06795 titulo-actividad has_text_color\"><div class=\"wpb_wrapper\"><p style=\"text-align: center;\"><strong>Pasear entre manadas de vacas y ovejas<\/strong><\/p>\n<\/div><\/div><div class=\"w-hwrapper align_center valign_middle\" style=\"--hwrapper-gap:1.20rem\"><div class=\"wpb_text_column us_custom_4adbe676 has_text_color\"><div class=\"wpb_wrapper\"><p><strong>A 500m<\/strong><\/p>\n<\/div><\/div><div class=\"w-image icons-activitats1 align_none\"><div class=\"w-image-h\"><img loading=\"lazy\" decoding=\"async\" width=\"80\" height=\"80\" src=\"https:\/\/campinglavall.net\/wp-content\/uploads\/2024\/01\/caminant-80x80-1.png\" class=\"attachment-large size-large\" alt=\"\" \/><\/div><\/div><div class=\"w-image icons-activitats2 align_none\"><div class=\"w-image-h\"><img loading=\"lazy\" decoding=\"async\" width=\"512\" height=\"512\" src=\"https:\/\/campinglavall.net\/wp-content\/uploads\/2024\/01\/en-bicicleta.png\" class=\"attachment-large size-large\" alt=\"\" srcset=\"https:\/\/campinglavall.net\/wp-content\/uploads\/2024\/01\/en-bicicleta.png 512w, https:\/\/campinglavall.net\/wp-content\/uploads\/2024\/01\/en-bicicleta-300x300.png 300w, https:\/\/campinglavall.net\/wp-content\/uploads\/2024\/01\/en-bicicleta-150x150.png 150w\" sizes=\"auto, (max-width: 512px) 100vw, 512px\" \/><\/div><\/div><\/div><\/div><\/div><\/div><div class=\"wpb_column vc_column_container div-overlay\"><div class=\"vc_column-overlay\" style=\"background:linear-gradient(180deg,rgba(26,26,26,0.6),rgba(0,0,0,0.85))\"><\/div><div class=\"vc_column-inner\"><div class=\"w-image align_none\"><div class=\"w-image-h\"><img loading=\"lazy\" decoding=\"async\" width=\"800\" height=\"535\" src=\"https:\/\/campinglavall.net\/wp-content\/uploads\/2024\/01\/pont-romanic-de-can-prat.jpg\" class=\"attachment-large size-large\" alt=\"\" srcset=\"https:\/\/campinglavall.net\/wp-content\/uploads\/2024\/01\/pont-romanic-de-can-prat.jpg 800w, https:\/\/campinglavall.net\/wp-content\/uploads\/2024\/01\/pont-romanic-de-can-prat-300x201.jpg 300w\" sizes=\"auto, (max-width: 800px) 100vw, 800px\" \/><\/div><\/div><div class=\"w-vwrapper div-absolute align_none valign_top\"><div class=\"wpb_text_column us_custom_b9b06795 titulo-actividad has_text_color\"><div class=\"wpb_wrapper\"><p style=\"text-align: center;\"><strong>Puente rom\u00e1nico de can Prat<\/strong><\/p>\n<\/div><\/div><div class=\"w-hwrapper align_center valign_middle\" style=\"--hwrapper-gap:1.20rem\"><div class=\"wpb_text_column us_custom_4adbe676 has_text_color\"><div class=\"wpb_wrapper\"><p><strong>A 200m<\/strong><\/p>\n<\/div><\/div><div class=\"w-image icons-activitats1 align_none\"><div class=\"w-image-h\"><img loading=\"lazy\" decoding=\"async\" width=\"80\" height=\"80\" src=\"https:\/\/campinglavall.net\/wp-content\/uploads\/2024\/01\/caminant-80x80-1.png\" class=\"attachment-large size-large\" alt=\"\" \/><\/div><\/div><div class=\"w-image icons-activitats2 align_none\"><div class=\"w-image-h\"><img loading=\"lazy\" decoding=\"async\" width=\"512\" height=\"512\" src=\"https:\/\/campinglavall.net\/wp-content\/uploads\/2024\/01\/en-bicicleta.png\" class=\"attachment-large size-large\" alt=\"\" srcset=\"https:\/\/campinglavall.net\/wp-content\/uploads\/2024\/01\/en-bicicleta.png 512w, https:\/\/campinglavall.net\/wp-content\/uploads\/2024\/01\/en-bicicleta-300x300.png 300w, https:\/\/campinglavall.net\/wp-content\/uploads\/2024\/01\/en-bicicleta-150x150.png 150w\" sizes=\"auto, (max-width: 512px) 100vw, 512px\" \/><\/div><\/div><\/div><\/div><\/div><\/div><div class=\"wpb_column vc_column_container div-overlay\"><div class=\"vc_column-overlay\" style=\"background:linear-gradient(180deg,rgba(26,26,26,0.6),rgba(0,0,0,0.85))\"><\/div><div class=\"vc_column-inner\"><div class=\"w-image align_none\"><div class=\"w-image-h\"><img loading=\"lazy\" decoding=\"async\" width=\"800\" height=\"535\" src=\"https:\/\/campinglavall.net\/wp-content\/uploads\/2024\/01\/passejada-en-cavall.jpg\" class=\"attachment-large size-large\" alt=\"\" srcset=\"https:\/\/campinglavall.net\/wp-content\/uploads\/2024\/01\/passejada-en-cavall.jpg 800w, https:\/\/campinglavall.net\/wp-content\/uploads\/2024\/01\/passejada-en-cavall-300x201.jpg 300w\" sizes=\"auto, (max-width: 800px) 100vw, 800px\" \/><\/div><\/div><div class=\"w-vwrapper div-absolute align_none valign_top\"><div class=\"wpb_text_column us_custom_b9b06795 titulo-actividad has_text_color\"><div class=\"wpb_wrapper\"><p style=\"text-align: center;\"><strong>Paseadas con caballo<\/strong><\/p>\n<\/div><\/div><div class=\"w-hwrapper align_center valign_middle\" style=\"--hwrapper-gap:1.20rem\"><div class=\"wpb_text_column us_custom_4adbe676 has_text_color\"><div class=\"wpb_wrapper\"><p><strong>A 0km<\/strong><\/p>\n<\/div><\/div><div class=\"w-image icons-activitats1 align_none\"><div class=\"w-image-h\"><img loading=\"lazy\" decoding=\"async\" width=\"512\" height=\"512\" src=\"https:\/\/campinglavall.net\/wp-content\/uploads\/2024\/01\/equitacion.png\" class=\"attachment-large size-large\" alt=\"\" srcset=\"https:\/\/campinglavall.net\/wp-content\/uploads\/2024\/01\/equitacion.png 512w, https:\/\/campinglavall.net\/wp-content\/uploads\/2024\/01\/equitacion-300x300.png 300w, https:\/\/campinglavall.net\/wp-content\/uploads\/2024\/01\/equitacion-150x150.png 150w\" sizes=\"auto, (max-width: 512px) 100vw, 512px\" \/><\/div><\/div><\/div><\/div><\/div><\/div><div class=\"wpb_column vc_column_container div-overlay\"><div class=\"vc_column-overlay\" style=\"background:linear-gradient(180deg,rgba(26,26,26,0.6),rgba(0,0,0,0.85))\"><\/div><div class=\"vc_column-inner\"><div class=\"w-image align_none\"><div class=\"w-image-h\"><img loading=\"lazy\" decoding=\"async\" width=\"800\" height=\"535\" src=\"https:\/\/campinglavall.net\/wp-content\/uploads\/2024\/01\/FotoJet.jpg\" class=\"attachment-large size-large\" alt=\"\" srcset=\"https:\/\/campinglavall.net\/wp-content\/uploads\/2024\/01\/FotoJet.jpg 800w, https:\/\/campinglavall.net\/wp-content\/uploads\/2024\/01\/FotoJet-300x201.jpg 300w\" sizes=\"auto, (max-width: 800px) 100vw, 800px\" \/><\/div><\/div><div class=\"w-vwrapper div-absolute align_none valign_top\"><div class=\"wpb_text_column us_custom_b9b06795 titulo-actividad has_text_color\"><div class=\"wpb_wrapper\"><p style=\"text-align: center;\"><strong>Recogida de los frutos de la natura<\/strong><\/p>\n<\/div><\/div><div class=\"w-hwrapper align_center valign_middle\" style=\"--hwrapper-gap:1.20rem\"><div class=\"wpb_text_column us_custom_4adbe676 has_text_color\"><div class=\"wpb_wrapper\"><p><strong>A 2km<\/strong><\/p>\n<\/div><\/div><div class=\"w-image icons-activitats1 align_none\"><div class=\"w-image-h\"><img loading=\"lazy\" decoding=\"async\" width=\"512\" height=\"512\" src=\"https:\/\/campinglavall.net\/wp-content\/uploads\/2024\/01\/en-cotxe-1.png\" class=\"attachment-large size-large\" alt=\"\" srcset=\"https:\/\/campinglavall.net\/wp-content\/uploads\/2024\/01\/en-cotxe-1.png 512w, https:\/\/campinglavall.net\/wp-content\/uploads\/2024\/01\/en-cotxe-1-300x300.png 300w, https:\/\/campinglavall.net\/wp-content\/uploads\/2024\/01\/en-cotxe-1-150x150.png 150w\" sizes=\"auto, (max-width: 512px) 100vw, 512px\" \/><\/div><\/div><\/div><\/div><\/div><\/div><\/div><div class=\"g-cols wpb_row section-title via_grid cols_1 laptops-cols_inherit tablets-cols_inherit mobiles-cols_1 valign_top type_default stacking_default\"><div class=\"wpb_column vc_column_container\"><div class=\"vc_column-inner\"><div class=\"wpb_text_column\"><div class=\"wpb_wrapper\"><p style=\"text-align: center;\">Propuestas para hacer con ni\u00f1os<\/p>\n<\/div><\/div><\/div><\/div><\/div><div class=\"g-cols wpb_row via_grid cols_4 laptops-cols_inherit tablets-cols_inherit mobiles-cols_1 valign_top type_default stacking_default\" style=\"grid-gap:1rem;\"><div class=\"wpb_column vc_column_container div-overlay has-link\"><div class=\"vc_column-overlay\" style=\"background:linear-gradient(180deg,rgba(26,26,26,0.6),rgba(0,0,0,0.85))\"><\/div><div class=\"vc_column-inner\"><div class=\"w-image align_none\"><a href=\"https:\/\/campinglavall.net\/trenet-dels-volcans\/\" aria-label=\"Enlace\" class=\"w-image-h\"><img loading=\"lazy\" decoding=\"async\" width=\"800\" height=\"535\" src=\"https:\/\/campinglavall.net\/wp-content\/uploads\/2024\/01\/El-tren-dels-volcans.jpg\" class=\"attachment-large size-large\" alt=\"\" srcset=\"https:\/\/campinglavall.net\/wp-content\/uploads\/2024\/01\/El-tren-dels-volcans.jpg 800w, https:\/\/campinglavall.net\/wp-content\/uploads\/2024\/01\/El-tren-dels-volcans-300x201.jpg 300w\" sizes=\"auto, (max-width: 800px) 100vw, 800px\" \/><\/a><\/div><div class=\"w-vwrapper div-absolute align_none valign_top\"><div class=\"wpb_text_column us_custom_b9b06795 titulo-actividad has_text_color\"><div class=\"wpb_wrapper\"><p style=\"text-align: center;\"><strong>Trenecito de los volcanes (CAMPING lava)<\/strong><\/p>\n<\/div><\/div><div class=\"w-hwrapper align_center valign_middle\" style=\"--hwrapper-gap:1.20rem\"><div class=\"wpb_text_column us_custom_4adbe676 distancia-activitat has_text_color\"><div class=\"wpb_wrapper\"><p><strong>A 20km<\/strong><\/p>\n<\/div><\/div><div class=\"w-image icons-activitats1 align_none\"><div class=\"w-image-h\"><img loading=\"lazy\" decoding=\"async\" width=\"512\" height=\"512\" src=\"https:\/\/campinglavall.net\/wp-content\/uploads\/2024\/01\/per-nens.png\" class=\"attachment-large size-large\" alt=\"\" srcset=\"https:\/\/campinglavall.net\/wp-content\/uploads\/2024\/01\/per-nens.png 512w, https:\/\/campinglavall.net\/wp-content\/uploads\/2024\/01\/per-nens-300x300.png 300w, https:\/\/campinglavall.net\/wp-content\/uploads\/2024\/01\/per-nens-150x150.png 150w\" sizes=\"auto, (max-width: 512px) 100vw, 512px\" \/><\/div><\/div><div class=\"w-image icons-activitats2 align_none\"><div class=\"w-image-h\"><img loading=\"lazy\" decoding=\"async\" width=\"512\" height=\"512\" src=\"https:\/\/campinglavall.net\/wp-content\/uploads\/2024\/01\/en-cotxe-1.png\" class=\"attachment-large size-large\" alt=\"\" srcset=\"https:\/\/campinglavall.net\/wp-content\/uploads\/2024\/01\/en-cotxe-1.png 512w, https:\/\/campinglavall.net\/wp-content\/uploads\/2024\/01\/en-cotxe-1-300x300.png 300w, https:\/\/campinglavall.net\/wp-content\/uploads\/2024\/01\/en-cotxe-1-150x150.png 150w\" sizes=\"auto, (max-width: 512px) 100vw, 512px\" \/><\/div><\/div><\/div><\/div><\/div><a href=\"https:\/\/campinglavall.net\/es\/excursio-amb-nens\/\" class=\"vc_column-link smooth-scroll\" aria-label=\"Enlace\"><\/a><\/div><div class=\"wpb_column vc_column_container div-overlay has-link\"><div class=\"vc_column-overlay\" style=\"background:linear-gradient(180deg,rgba(26,26,26,0.6),rgba(0,0,0,0.85))\"><\/div><div class=\"vc_column-inner\"><div class=\"w-image align_none\"><div class=\"w-image-h\"><img loading=\"lazy\" decoding=\"async\" width=\"800\" height=\"535\" src=\"https:\/\/campinglavall.net\/wp-content\/uploads\/2024\/01\/amb-carruatge-per-la-fageda.jpg\" class=\"attachment-large size-large\" alt=\"\" srcset=\"https:\/\/campinglavall.net\/wp-content\/uploads\/2024\/01\/amb-carruatge-per-la-fageda.jpg 800w, https:\/\/campinglavall.net\/wp-content\/uploads\/2024\/01\/amb-carruatge-per-la-fageda-300x201.jpg 300w\" sizes=\"auto, (max-width: 800px) 100vw, 800px\" \/><\/div><\/div><div class=\"w-vwrapper div-absolute align_none valign_top\"><div class=\"wpb_text_column us_custom_b9b06795 titulo-actividad has_text_color\"><div class=\"wpb_wrapper\"><p style=\"text-align: center;\"><strong>Con carruaje por la fageda<\/strong><\/p>\n<\/div><\/div><div class=\"w-hwrapper align_center valign_middle\" style=\"--hwrapper-gap:1.20rem\"><div class=\"wpb_text_column us_custom_4adbe676 distancia-activitat has_text_color\"><div class=\"wpb_wrapper\"><p><strong>A 22km<\/strong><\/p>\n<\/div><\/div><div class=\"w-image icons-activitats1 align_none\"><div class=\"w-image-h\"><img loading=\"lazy\" decoding=\"async\" width=\"512\" height=\"512\" src=\"https:\/\/campinglavall.net\/wp-content\/uploads\/2024\/01\/per-nens.png\" class=\"attachment-large size-large\" alt=\"\" srcset=\"https:\/\/campinglavall.net\/wp-content\/uploads\/2024\/01\/per-nens.png 512w, https:\/\/campinglavall.net\/wp-content\/uploads\/2024\/01\/per-nens-300x300.png 300w, https:\/\/campinglavall.net\/wp-content\/uploads\/2024\/01\/per-nens-150x150.png 150w\" sizes=\"auto, (max-width: 512px) 100vw, 512px\" \/><\/div><\/div><div class=\"w-image icons-activitats2 align_none\"><div class=\"w-image-h\"><img loading=\"lazy\" decoding=\"async\" width=\"512\" height=\"512\" src=\"https:\/\/campinglavall.net\/wp-content\/uploads\/2024\/01\/en-cotxe-1.png\" class=\"attachment-large size-large\" alt=\"\" srcset=\"https:\/\/campinglavall.net\/wp-content\/uploads\/2024\/01\/en-cotxe-1.png 512w, https:\/\/campinglavall.net\/wp-content\/uploads\/2024\/01\/en-cotxe-1-300x300.png 300w, https:\/\/campinglavall.net\/wp-content\/uploads\/2024\/01\/en-cotxe-1-150x150.png 150w\" sizes=\"auto, (max-width: 512px) 100vw, 512px\" \/><\/div><\/div><\/div><\/div><\/div><a href=\"https:\/\/campinglavall.net\/es\/activitats-per-nens\/\" class=\"vc_column-link smooth-scroll\" aria-label=\"Enlace\"><\/a><\/div><div class=\"wpb_column vc_column_container div-overlay has-link\"><div class=\"vc_column-overlay\" style=\"background:linear-gradient(180deg,rgba(26,26,26,0.6),rgba(0,0,0,0.85))\"><\/div><div class=\"vc_column-inner\"><div class=\"w-image align_none\"><div class=\"w-image-h\"><img loading=\"lazy\" decoding=\"async\" width=\"800\" height=\"535\" src=\"https:\/\/campinglavall.net\/wp-content\/uploads\/2024\/01\/coves-prehistoriques-de-serinya.jpg\" class=\"attachment-large size-large\" alt=\"\" srcset=\"https:\/\/campinglavall.net\/wp-content\/uploads\/2024\/01\/coves-prehistoriques-de-serinya.jpg 800w, https:\/\/campinglavall.net\/wp-content\/uploads\/2024\/01\/coves-prehistoriques-de-serinya-300x201.jpg 300w\" sizes=\"auto, (max-width: 800px) 100vw, 800px\" \/><\/div><\/div><div class=\"w-vwrapper div-absolute align_none valign_top\"><div class=\"wpb_text_column us_custom_b9b06795 titulo-actividad has_text_color\"><div class=\"wpb_wrapper\"><p style=\"text-align: center;\"><strong>Coves pre historiquas de seriny\u00e0<\/strong><\/p>\n<\/div><\/div><div class=\"w-hwrapper align_center valign_middle\" style=\"--hwrapper-gap:1.20rem\"><div class=\"wpb_text_column us_custom_4adbe676 distancia-activitat has_text_color\"><div class=\"wpb_wrapper\"><p><strong>A 18km<\/strong><\/p>\n<\/div><\/div><div class=\"w-image icons-activitats1 align_none\"><div class=\"w-image-h\"><img loading=\"lazy\" decoding=\"async\" width=\"512\" height=\"512\" src=\"https:\/\/campinglavall.net\/wp-content\/uploads\/2024\/01\/per-nens.png\" class=\"attachment-large size-large\" alt=\"\" srcset=\"https:\/\/campinglavall.net\/wp-content\/uploads\/2024\/01\/per-nens.png 512w, https:\/\/campinglavall.net\/wp-content\/uploads\/2024\/01\/per-nens-300x300.png 300w, https:\/\/campinglavall.net\/wp-content\/uploads\/2024\/01\/per-nens-150x150.png 150w\" sizes=\"auto, (max-width: 512px) 100vw, 512px\" \/><\/div><\/div><div class=\"w-image icons-activitats2 align_none\"><div class=\"w-image-h\"><img loading=\"lazy\" decoding=\"async\" width=\"512\" height=\"512\" src=\"https:\/\/campinglavall.net\/wp-content\/uploads\/2024\/01\/en-cotxe-1.png\" class=\"attachment-large size-large\" alt=\"\" srcset=\"https:\/\/campinglavall.net\/wp-content\/uploads\/2024\/01\/en-cotxe-1.png 512w, https:\/\/campinglavall.net\/wp-content\/uploads\/2024\/01\/en-cotxe-1-300x300.png 300w, https:\/\/campinglavall.net\/wp-content\/uploads\/2024\/01\/en-cotxe-1-150x150.png 150w\" sizes=\"auto, (max-width: 512px) 100vw, 512px\" \/><\/div><\/div><\/div><\/div><\/div><a href=\"https:\/\/campinglavall.net\/es\/proposta-pels-nens\/\" class=\"vc_column-link smooth-scroll\" aria-label=\"Enlace\"><\/a><\/div><div class=\"wpb_column vc_column_container div-overlay has-link\"><div class=\"vc_column-overlay\" style=\"background:linear-gradient(180deg,rgba(26,26,26,0.6),rgba(0,0,0,0.85))\"><\/div><div class=\"vc_column-inner\"><div class=\"w-image align_none\"><div class=\"w-image-h\"><img loading=\"lazy\" decoding=\"async\" width=\"800\" height=\"535\" src=\"https:\/\/campinglavall.net\/wp-content\/uploads\/2024\/01\/cooperativa-la-fageda.jpg\" class=\"attachment-large size-large\" alt=\"\" srcset=\"https:\/\/campinglavall.net\/wp-content\/uploads\/2024\/01\/cooperativa-la-fageda.jpg 800w, https:\/\/campinglavall.net\/wp-content\/uploads\/2024\/01\/cooperativa-la-fageda-300x201.jpg 300w\" sizes=\"auto, (max-width: 800px) 100vw, 800px\" \/><\/div><\/div><div class=\"w-vwrapper div-absolute align_none valign_top\"><div class=\"wpb_text_column us_custom_b9b06795 titulo-actividad has_text_color\"><div class=\"wpb_wrapper\"><p style=\"text-align: center;\"><strong>Cooperativa La Fageda<\/strong><\/p>\n<\/div><\/div><div class=\"w-hwrapper align_center valign_middle\" style=\"--hwrapper-gap:1.20rem\"><div class=\"wpb_text_column us_custom_4adbe676 distancia-activitat has_text_color\"><div class=\"wpb_wrapper\"><p><strong>A 9km<\/strong><\/p>\n<\/div><\/div><div class=\"w-image icons-activitats1 align_none\"><div class=\"w-image-h\"><img loading=\"lazy\" decoding=\"async\" width=\"512\" height=\"512\" src=\"https:\/\/campinglavall.net\/wp-content\/uploads\/2024\/01\/per-nens.png\" class=\"attachment-large size-large\" alt=\"\" srcset=\"https:\/\/campinglavall.net\/wp-content\/uploads\/2024\/01\/per-nens.png 512w, https:\/\/campinglavall.net\/wp-content\/uploads\/2024\/01\/per-nens-300x300.png 300w, https:\/\/campinglavall.net\/wp-content\/uploads\/2024\/01\/per-nens-150x150.png 150w\" sizes=\"auto, (max-width: 512px) 100vw, 512px\" \/><\/div><\/div><div class=\"w-image icons-activitats2 align_none\"><div class=\"w-image-h\"><img loading=\"lazy\" decoding=\"async\" width=\"512\" height=\"512\" src=\"https:\/\/campinglavall.net\/wp-content\/uploads\/2024\/01\/en-cotxe-1.png\" class=\"attachment-large size-large\" alt=\"\" srcset=\"https:\/\/campinglavall.net\/wp-content\/uploads\/2024\/01\/en-cotxe-1.png 512w, https:\/\/campinglavall.net\/wp-content\/uploads\/2024\/01\/en-cotxe-1-300x300.png 300w, https:\/\/campinglavall.net\/wp-content\/uploads\/2024\/01\/en-cotxe-1-150x150.png 150w\" sizes=\"auto, (max-width: 512px) 100vw, 512px\" \/><\/div><\/div><\/div><\/div><\/div><a href=\"https:\/\/campinglavall.net\/es\/aprendre-en-familia\/\" class=\"vc_column-link smooth-scroll\" aria-label=\"Enlace\"><\/a><\/div><\/div><div class=\"w-separator size_small\"><\/div><div class=\"g-cols wpb_row via_grid cols_4 laptops-cols_inherit tablets-cols_inherit mobiles-cols_1 valign_top type_default stacking_default\" style=\"grid-gap:1rem;\"><div class=\"wpb_column vc_column_container div-overlay has-link\"><div class=\"vc_column-overlay\" style=\"background:linear-gradient(180deg,rgba(26,26,26,0.6),rgba(0,0,0,0.85))\"><\/div><div class=\"vc_column-inner\"><div class=\"w-image align_none\"><div class=\"w-image-h\"><img loading=\"lazy\" decoding=\"async\" width=\"800\" height=\"535\" src=\"https:\/\/campinglavall.net\/wp-content\/uploads\/2024\/01\/visites-teatralitzades-a-banyoles.jpg\" class=\"attachment-large size-large\" alt=\"\" srcset=\"https:\/\/campinglavall.net\/wp-content\/uploads\/2024\/01\/visites-teatralitzades-a-banyoles.jpg 800w, https:\/\/campinglavall.net\/wp-content\/uploads\/2024\/01\/visites-teatralitzades-a-banyoles-300x201.jpg 300w\" sizes=\"auto, (max-width: 800px) 100vw, 800px\" \/><\/div><\/div><div class=\"w-vwrapper div-absolute align_none valign_top\"><div class=\"wpb_text_column us_custom_b9b06795 titulo-actividad has_text_color\"><div class=\"wpb_wrapper\"><p style=\"text-align: center;\"><strong>Visitas teatralizadas en Banyoles<\/strong><\/p>\n<\/div><\/div><div class=\"w-hwrapper align_center valign_middle\" style=\"--hwrapper-gap:1.20rem\"><div class=\"wpb_text_column us_custom_4adbe676 distancia-activitat has_text_color\"><div class=\"wpb_wrapper\"><p><strong>A 9km<\/strong><\/p>\n<\/div><\/div><div class=\"w-image icons-activitats1 align_none\"><div class=\"w-image-h\"><img loading=\"lazy\" decoding=\"async\" width=\"512\" height=\"512\" src=\"https:\/\/campinglavall.net\/wp-content\/uploads\/2024\/01\/per-nens.png\" class=\"attachment-large size-large\" alt=\"\" srcset=\"https:\/\/campinglavall.net\/wp-content\/uploads\/2024\/01\/per-nens.png 512w, https:\/\/campinglavall.net\/wp-content\/uploads\/2024\/01\/per-nens-300x300.png 300w, https:\/\/campinglavall.net\/wp-content\/uploads\/2024\/01\/per-nens-150x150.png 150w\" sizes=\"auto, (max-width: 512px) 100vw, 512px\" \/><\/div><\/div><div class=\"w-image icons-activitats2 align_none\"><div class=\"w-image-h\"><img loading=\"lazy\" decoding=\"async\" width=\"512\" height=\"512\" src=\"https:\/\/campinglavall.net\/wp-content\/uploads\/2024\/01\/en-cotxe-1.png\" class=\"attachment-large size-large\" alt=\"\" srcset=\"https:\/\/campinglavall.net\/wp-content\/uploads\/2024\/01\/en-cotxe-1.png 512w, https:\/\/campinglavall.net\/wp-content\/uploads\/2024\/01\/en-cotxe-1-300x300.png 300w, https:\/\/campinglavall.net\/wp-content\/uploads\/2024\/01\/en-cotxe-1-150x150.png 150w\" sizes=\"auto, (max-width: 512px) 100vw, 512px\" \/><\/div><\/div><\/div><\/div><\/div><a href=\"https:\/\/campinglavall.net\/es\/els-tresors-de-les-aloges\/\" class=\"vc_column-link smooth-scroll\" aria-label=\"Enlace\"><\/a><\/div><div class=\"wpb_column vc_column_container div-overlay has-link\"><div class=\"vc_column-overlay\" style=\"background:linear-gradient(180deg,rgba(26,26,26,0.6),rgba(0,0,0,0.85))\"><\/div><div class=\"vc_column-inner\"><div class=\"w-image align_none\"><div class=\"w-image-h\"><img loading=\"lazy\" decoding=\"async\" width=\"800\" height=\"535\" src=\"https:\/\/campinglavall.net\/wp-content\/uploads\/2024\/01\/visita-a-la-fabrica-de-xocolata-torras.jpg\" class=\"attachment-large size-large\" alt=\"\" srcset=\"https:\/\/campinglavall.net\/wp-content\/uploads\/2024\/01\/visita-a-la-fabrica-de-xocolata-torras.jpg 800w, https:\/\/campinglavall.net\/wp-content\/uploads\/2024\/01\/visita-a-la-fabrica-de-xocolata-torras-300x201.jpg 300w\" sizes=\"auto, (max-width: 800px) 100vw, 800px\" \/><\/div><\/div><div class=\"w-vwrapper div-absolute align_none valign_top\"><div class=\"wpb_text_column us_custom_b9b06795 titulo-actividad has_text_color\"><div class=\"wpb_wrapper\"><p style=\"text-align: center;\"><strong>Visita la f\u00e1brica de chocolate Torras<\/strong><\/p>\n<\/div><\/div><div class=\"w-hwrapper align_center valign_middle\" style=\"--hwrapper-gap:1.20rem\"><div class=\"wpb_text_column us_custom_4adbe676 distancia-activitat has_text_color\"><div class=\"wpb_wrapper\"><p><strong>A 9km<\/strong><\/p>\n<\/div><\/div><div class=\"w-image icons-activitats1 align_none\"><div class=\"w-image-h\"><img loading=\"lazy\" decoding=\"async\" width=\"512\" height=\"512\" src=\"https:\/\/campinglavall.net\/wp-content\/uploads\/2024\/01\/per-nens.png\" class=\"attachment-large size-large\" alt=\"\" srcset=\"https:\/\/campinglavall.net\/wp-content\/uploads\/2024\/01\/per-nens.png 512w, https:\/\/campinglavall.net\/wp-content\/uploads\/2024\/01\/per-nens-300x300.png 300w, https:\/\/campinglavall.net\/wp-content\/uploads\/2024\/01\/per-nens-150x150.png 150w\" sizes=\"auto, (max-width: 512px) 100vw, 512px\" \/><\/div><\/div><div class=\"w-image icons-activitats2 align_none\"><div class=\"w-image-h\"><img loading=\"lazy\" decoding=\"async\" width=\"512\" height=\"512\" src=\"https:\/\/campinglavall.net\/wp-content\/uploads\/2024\/01\/en-cotxe-1.png\" class=\"attachment-large size-large\" alt=\"\" srcset=\"https:\/\/campinglavall.net\/wp-content\/uploads\/2024\/01\/en-cotxe-1.png 512w, https:\/\/campinglavall.net\/wp-content\/uploads\/2024\/01\/en-cotxe-1-300x300.png 300w, https:\/\/campinglavall.net\/wp-content\/uploads\/2024\/01\/en-cotxe-1-150x150.png 150w\" sizes=\"auto, (max-width: 512px) 100vw, 512px\" \/><\/div><\/div><\/div><\/div><\/div><a href=\"https:\/\/campinglavall.net\/es\/visita-pels-nens\/\" class=\"vc_column-link smooth-scroll\" aria-label=\"Enlace\"><\/a><\/div><div class=\"wpb_column vc_column_container div-overlay has-link\"><div class=\"vc_column-overlay\" style=\"background:linear-gradient(180deg,rgba(26,26,26,0.6),rgba(0,0,0,0.85))\"><\/div><div class=\"vc_column-inner\"><div class=\"w-image align_none\"><div class=\"w-image-h\"><img loading=\"lazy\" decoding=\"async\" width=\"800\" height=\"535\" src=\"https:\/\/campinglavall.net\/wp-content\/uploads\/2024\/01\/la-caseta-de-fusta.jpg\" class=\"attachment-large size-large\" alt=\"\" srcset=\"https:\/\/campinglavall.net\/wp-content\/uploads\/2024\/01\/la-caseta-de-fusta.jpg 800w, https:\/\/campinglavall.net\/wp-content\/uploads\/2024\/01\/la-caseta-de-fusta-300x201.jpg 300w\" sizes=\"auto, (max-width: 800px) 100vw, 800px\" \/><\/div><\/div><div class=\"w-vwrapper div-absolute align_none valign_top\"><div class=\"wpb_text_column us_custom_b9b06795 titulo-actividad has_text_color\"><div class=\"wpb_wrapper\"><p style=\"text-align: center;\"><strong>La casita de Fusta<\/strong><\/p>\n<\/div><\/div><div class=\"w-hwrapper align_center valign_middle\" style=\"--hwrapper-gap:1.20rem\"><div class=\"wpb_text_column us_custom_4adbe676 distancia-activitat has_text_color\"><div class=\"wpb_wrapper\"><p><strong>A 9km<\/strong><\/p>\n<\/div><\/div><div class=\"w-image icons-activitats1 align_none\"><div class=\"w-image-h\"><img loading=\"lazy\" decoding=\"async\" width=\"512\" height=\"512\" src=\"https:\/\/campinglavall.net\/wp-content\/uploads\/2024\/01\/per-nens.png\" class=\"attachment-large size-large\" alt=\"\" srcset=\"https:\/\/campinglavall.net\/wp-content\/uploads\/2024\/01\/per-nens.png 512w, https:\/\/campinglavall.net\/wp-content\/uploads\/2024\/01\/per-nens-300x300.png 300w, https:\/\/campinglavall.net\/wp-content\/uploads\/2024\/01\/per-nens-150x150.png 150w\" sizes=\"auto, (max-width: 512px) 100vw, 512px\" \/><\/div><\/div><div class=\"w-image icons-activitats2 align_none\"><div class=\"w-image-h\"><img loading=\"lazy\" decoding=\"async\" width=\"512\" height=\"512\" src=\"https:\/\/campinglavall.net\/wp-content\/uploads\/2024\/01\/en-cotxe-1.png\" class=\"attachment-large size-large\" alt=\"\" srcset=\"https:\/\/campinglavall.net\/wp-content\/uploads\/2024\/01\/en-cotxe-1.png 512w, https:\/\/campinglavall.net\/wp-content\/uploads\/2024\/01\/en-cotxe-1-300x300.png 300w, https:\/\/campinglavall.net\/wp-content\/uploads\/2024\/01\/en-cotxe-1-150x150.png 150w\" sizes=\"auto, (max-width: 512px) 100vw, 512px\" \/><\/div><\/div><\/div><\/div><\/div><a href=\"https:\/\/campinglavall.net\/es\/banyar-se-amb-nens\/\" class=\"vc_column-link smooth-scroll\" aria-label=\"Enlace\"><\/a><\/div><div class=\"wpb_column vc_column_container div-overlay has-link\"><div class=\"vc_column-overlay\" style=\"background:linear-gradient(180deg,rgba(26,26,26,0.6),rgba(0,0,0,0.85))\"><\/div><div class=\"vc_column-inner\"><div class=\"w-image align_none\"><div class=\"w-image-h\"><img loading=\"lazy\" decoding=\"async\" width=\"800\" height=\"535\" src=\"https:\/\/campinglavall.net\/wp-content\/uploads\/2024\/01\/el-trne-pinxo-de-banyoles.jpg\" class=\"attachment-large size-large\" alt=\"\" srcset=\"https:\/\/campinglavall.net\/wp-content\/uploads\/2024\/01\/el-trne-pinxo-de-banyoles.jpg 800w, https:\/\/campinglavall.net\/wp-content\/uploads\/2024\/01\/el-trne-pinxo-de-banyoles-300x201.jpg 300w\" sizes=\"auto, (max-width: 800px) 100vw, 800px\" \/><\/div><\/div><div class=\"w-vwrapper div-absolute align_none valign_top\"><div class=\"wpb_text_column us_custom_b9b06795 titulo-actividad has_text_color\"><div class=\"wpb_wrapper\"><p style=\"text-align: center;\"><strong>El tren pinxo de Banyoles<\/strong><\/p>\n<\/div><\/div><div class=\"w-hwrapper align_center valign_middle\" style=\"--hwrapper-gap:1.20rem\"><div class=\"wpb_text_column us_custom_4adbe676 distancia-activitat has_text_color\"><div class=\"wpb_wrapper\"><p><strong>A 9km<\/strong><\/p>\n<\/div><\/div><div class=\"w-image icons-activitats1 align_none\"><div class=\"w-image-h\"><img loading=\"lazy\" decoding=\"async\" width=\"512\" height=\"512\" src=\"https:\/\/campinglavall.net\/wp-content\/uploads\/2024\/01\/per-nens.png\" class=\"attachment-large size-large\" alt=\"\" srcset=\"https:\/\/campinglavall.net\/wp-content\/uploads\/2024\/01\/per-nens.png 512w, https:\/\/campinglavall.net\/wp-content\/uploads\/2024\/01\/per-nens-300x300.png 300w, https:\/\/campinglavall.net\/wp-content\/uploads\/2024\/01\/per-nens-150x150.png 150w\" sizes=\"auto, (max-width: 512px) 100vw, 512px\" \/><\/div><\/div><div class=\"w-image icons-activitats2 align_none\"><div class=\"w-image-h\"><img loading=\"lazy\" decoding=\"async\" width=\"512\" height=\"512\" src=\"https:\/\/campinglavall.net\/wp-content\/uploads\/2024\/01\/en-cotxe-1.png\" class=\"attachment-large size-large\" alt=\"\" srcset=\"https:\/\/campinglavall.net\/wp-content\/uploads\/2024\/01\/en-cotxe-1.png 512w, https:\/\/campinglavall.net\/wp-content\/uploads\/2024\/01\/en-cotxe-1-300x300.png 300w, https:\/\/campinglavall.net\/wp-content\/uploads\/2024\/01\/en-cotxe-1-150x150.png 150w\" sizes=\"auto, (max-width: 512px) 100vw, 512px\" \/><\/div><\/div><\/div><\/div><\/div><a href=\"https:\/\/campinglavall.net\/es\/escapada-amb-nens\/\" class=\"vc_column-link smooth-scroll\" aria-label=\"Enlace\"><\/a><\/div><\/div><div class=\"w-separator size_small\"><\/div><div class=\"g-cols wpb_row via_grid cols_4 laptops-cols_inherit tablets-cols_inherit mobiles-cols_1 valign_top type_default stacking_default\" style=\"grid-gap:1rem;\"><div class=\"wpb_column vc_column_container div-overlay has-link\"><div class=\"vc_column-overlay\" style=\"background:linear-gradient(180deg,rgba(26,26,26,0.6),rgba(0,0,0,0.85))\"><\/div><div class=\"vc_column-inner\"><div class=\"w-image align_none\"><div class=\"w-image-h\"><img loading=\"lazy\" decoding=\"async\" width=\"800\" height=\"600\" src=\"https:\/\/campinglavall.net\/wp-content\/uploads\/2024\/08\/CAIAC.jpg\" class=\"attachment-large size-large\" alt=\"\" srcset=\"https:\/\/campinglavall.net\/wp-content\/uploads\/2024\/08\/CAIAC.jpg 800w, https:\/\/campinglavall.net\/wp-content\/uploads\/2024\/08\/CAIAC-300x225.jpg 300w\" sizes=\"auto, (max-width: 800px) 100vw, 800px\" \/><\/div><\/div><div class=\"w-vwrapper div-absolute align_none valign_top\"><div class=\"wpb_text_column us_custom_b9b06795 titulo-actividad has_text_color\"><div class=\"wpb_wrapper\"><p style=\"text-align: center;\"><strong>Kayak en el Lago<\/strong><\/p>\n<\/div><\/div><div class=\"w-hwrapper align_center valign_middle\" style=\"--hwrapper-gap:1.20rem\"><div class=\"wpb_text_column us_custom_4adbe676 distancia-activitat has_text_color\"><div class=\"wpb_wrapper\"><p><strong>A 9km<\/strong><\/p>\n<\/div><\/div><div class=\"w-image icons-activitats1 align_none\"><div class=\"w-image-h\"><img loading=\"lazy\" decoding=\"async\" width=\"512\" height=\"512\" src=\"https:\/\/campinglavall.net\/wp-content\/uploads\/2024\/01\/per-nens.png\" class=\"attachment-large size-large\" alt=\"\" srcset=\"https:\/\/campinglavall.net\/wp-content\/uploads\/2024\/01\/per-nens.png 512w, https:\/\/campinglavall.net\/wp-content\/uploads\/2024\/01\/per-nens-300x300.png 300w, https:\/\/campinglavall.net\/wp-content\/uploads\/2024\/01\/per-nens-150x150.png 150w\" sizes=\"auto, (max-width: 512px) 100vw, 512px\" \/><\/div><\/div><div class=\"w-image icons-activitats2 align_none\"><div class=\"w-image-h\"><img loading=\"lazy\" decoding=\"async\" width=\"512\" height=\"512\" src=\"https:\/\/campinglavall.net\/wp-content\/uploads\/2024\/01\/en-cotxe-1.png\" class=\"attachment-large size-large\" alt=\"\" srcset=\"https:\/\/campinglavall.net\/wp-content\/uploads\/2024\/01\/en-cotxe-1.png 512w, https:\/\/campinglavall.net\/wp-content\/uploads\/2024\/01\/en-cotxe-1-300x300.png 300w, https:\/\/campinglavall.net\/wp-content\/uploads\/2024\/01\/en-cotxe-1-150x150.png 150w\" sizes=\"auto, (max-width: 512px) 100vw, 512px\" \/><\/div><\/div><\/div><\/div><\/div><a href=\"https:\/\/campinglavall.net\/es\/caiac-amb-nens-a-lestany\/\" class=\"vc_column-link smooth-scroll\" aria-label=\"Enlace\"><\/a><\/div><div class=\"wpb_column vc_column_container div-overlay has-link\"><div class=\"vc_column-overlay\" style=\"background:linear-gradient(180deg,rgba(26,26,26,0.6),rgba(0,0,0,0.85))\"><\/div><div class=\"vc_column-inner\"><div class=\"w-image align_none\"><div class=\"w-image-h\"><img loading=\"lazy\" decoding=\"async\" width=\"800\" height=\"535\" src=\"https:\/\/campinglavall.net\/wp-content\/uploads\/2024\/01\/bosc-encantat-de-les-estunes.jpg\" class=\"attachment-large size-large\" alt=\"\" srcset=\"https:\/\/campinglavall.net\/wp-content\/uploads\/2024\/01\/bosc-encantat-de-les-estunes.jpg 800w, https:\/\/campinglavall.net\/wp-content\/uploads\/2024\/01\/bosc-encantat-de-les-estunes-300x201.jpg 300w\" sizes=\"auto, (max-width: 800px) 100vw, 800px\" \/><\/div><\/div><div class=\"w-vwrapper div-absolute align_none valign_top\"><div class=\"wpb_text_column us_custom_b9b06795 titulo-actividad has_text_color\"><div class=\"wpb_wrapper\"><p style=\"text-align: center;\"><strong>Bosque encantado de \u00ables estunes\u00bb<\/strong><\/p>\n<\/div><\/div><div class=\"w-hwrapper align_center valign_middle\" style=\"--hwrapper-gap:1.20rem\"><div class=\"wpb_text_column us_custom_4adbe676 distancia-activitat has_text_color\"><div class=\"wpb_wrapper\"><p><strong>A 8km<\/strong><\/p>\n<\/div><\/div><div class=\"w-image icons-activitats1 align_none\"><div class=\"w-image-h\"><img loading=\"lazy\" decoding=\"async\" width=\"512\" height=\"512\" src=\"https:\/\/campinglavall.net\/wp-content\/uploads\/2024\/01\/per-nens.png\" class=\"attachment-large size-large\" alt=\"\" srcset=\"https:\/\/campinglavall.net\/wp-content\/uploads\/2024\/01\/per-nens.png 512w, https:\/\/campinglavall.net\/wp-content\/uploads\/2024\/01\/per-nens-300x300.png 300w, https:\/\/campinglavall.net\/wp-content\/uploads\/2024\/01\/per-nens-150x150.png 150w\" sizes=\"auto, (max-width: 512px) 100vw, 512px\" \/><\/div><\/div><div class=\"w-image icons-activitats2 align_none\"><div class=\"w-image-h\"><img loading=\"lazy\" decoding=\"async\" width=\"512\" height=\"512\" src=\"https:\/\/campinglavall.net\/wp-content\/uploads\/2024\/01\/en-cotxe-1.png\" class=\"attachment-large size-large\" alt=\"\" srcset=\"https:\/\/campinglavall.net\/wp-content\/uploads\/2024\/01\/en-cotxe-1.png 512w, https:\/\/campinglavall.net\/wp-content\/uploads\/2024\/01\/en-cotxe-1-300x300.png 300w, https:\/\/campinglavall.net\/wp-content\/uploads\/2024\/01\/en-cotxe-1-150x150.png 150w\" sizes=\"auto, (max-width: 512px) 100vw, 512px\" \/><\/div><\/div><\/div><\/div><\/div><a href=\"https:\/\/campinglavall.net\/es\/passejar-amb-nens\/\" class=\"vc_column-link smooth-scroll\" aria-label=\"Enlace\"><\/a><\/div><div class=\"wpb_column vc_column_container div-overlay has-link\"><div class=\"vc_column-overlay\" style=\"background:linear-gradient(180deg,rgba(26,26,26,0.6),rgba(0,0,0,0.85))\"><\/div><div class=\"vc_column-inner\"><div class=\"w-image align_none\"><div class=\"w-image-h\"><img loading=\"lazy\" decoding=\"async\" width=\"800\" height=\"535\" src=\"https:\/\/campinglavall.net\/wp-content\/uploads\/2024\/01\/gorga-del-batller.jpg\" class=\"attachment-large size-large\" alt=\"\" srcset=\"https:\/\/campinglavall.net\/wp-content\/uploads\/2024\/01\/gorga-del-batller.jpg 800w, https:\/\/campinglavall.net\/wp-content\/uploads\/2024\/01\/gorga-del-batller-300x201.jpg 300w\" sizes=\"auto, (max-width: 800px) 100vw, 800px\" \/><\/div><\/div><div class=\"w-vwrapper div-absolute align_none valign_top\"><div class=\"wpb_text_column us_custom_b9b06795 titulo-actividad has_text_color\"><div class=\"wpb_wrapper\"><p style=\"text-align: center;\"><strong>Gorga del Batlle<\/strong><\/p>\n<\/div><\/div><div class=\"w-hwrapper align_center valign_middle\" style=\"--hwrapper-gap:1.20rem\"><div class=\"wpb_text_column us_custom_4adbe676 distancia-activitat has_text_color\"><div class=\"wpb_wrapper\"><p><strong>A 9km<\/strong><\/p>\n<\/div><\/div><div class=\"w-image icons-activitats1 align_none\"><div class=\"w-image-h\"><img loading=\"lazy\" decoding=\"async\" width=\"512\" height=\"512\" src=\"https:\/\/campinglavall.net\/wp-content\/uploads\/2024\/01\/per-nens.png\" class=\"attachment-large size-large\" alt=\"\" srcset=\"https:\/\/campinglavall.net\/wp-content\/uploads\/2024\/01\/per-nens.png 512w, https:\/\/campinglavall.net\/wp-content\/uploads\/2024\/01\/per-nens-300x300.png 300w, https:\/\/campinglavall.net\/wp-content\/uploads\/2024\/01\/per-nens-150x150.png 150w\" sizes=\"auto, (max-width: 512px) 100vw, 512px\" \/><\/div><\/div><div class=\"w-image icons-activitats2 align_none\"><div class=\"w-image-h\"><img loading=\"lazy\" decoding=\"async\" width=\"512\" height=\"512\" src=\"https:\/\/campinglavall.net\/wp-content\/uploads\/2024\/01\/en-cotxe-1.png\" class=\"attachment-large size-large\" alt=\"\" srcset=\"https:\/\/campinglavall.net\/wp-content\/uploads\/2024\/01\/en-cotxe-1.png 512w, https:\/\/campinglavall.net\/wp-content\/uploads\/2024\/01\/en-cotxe-1-300x300.png 300w, https:\/\/campinglavall.net\/wp-content\/uploads\/2024\/01\/en-cotxe-1-150x150.png 150w\" sizes=\"auto, (max-width: 512px) 100vw, 512px\" \/><\/div><\/div><\/div><\/div><\/div><a href=\"https:\/\/campinglavall.net\/es\/gorga-del-batlle\/\" class=\"vc_column-link smooth-scroll\" aria-label=\"Enlace\"><\/a><\/div><div class=\"wpb_column vc_column_container div-overlay\"><div class=\"vc_column-overlay\" style=\"background:linear-gradient(180deg,rgba(26,26,26,0.6),rgba(0,0,0,0.85))\"><\/div><div class=\"vc_column-inner\"><div class=\"w-image align_none\"><div class=\"w-image-h\"><img loading=\"lazy\" decoding=\"async\" width=\"800\" height=\"535\" src=\"https:\/\/campinglavall.net\/wp-content\/uploads\/2024\/01\/fundacio-mona.jpg\" class=\"attachment-large size-large\" alt=\"\" srcset=\"https:\/\/campinglavall.net\/wp-content\/uploads\/2024\/01\/fundacio-mona.jpg 800w, https:\/\/campinglavall.net\/wp-content\/uploads\/2024\/01\/fundacio-mona-300x201.jpg 300w\" sizes=\"auto, (max-width: 800px) 100vw, 800px\" \/><\/div><\/div><div class=\"w-vwrapper div-absolute align_none valign_top\"><div class=\"wpb_text_column us_custom_b9b06795 titulo-actividad has_text_color\"><div class=\"wpb_wrapper\"><p style=\"text-align: center;\"><strong>Fundaci\u00f3 Mona<\/strong><\/p>\n<\/div><\/div><div class=\"w-hwrapper align_center valign_middle\" style=\"--hwrapper-gap:1.20rem\"><div class=\"wpb_text_column us_custom_4adbe676 distancia-activitat has_text_color\"><div class=\"wpb_wrapper\"><p><strong>A 42km<\/strong><\/p>\n<\/div><\/div><div class=\"w-image icons-activitats1 align_none\"><div class=\"w-image-h\"><img loading=\"lazy\" decoding=\"async\" width=\"512\" height=\"512\" src=\"https:\/\/campinglavall.net\/wp-content\/uploads\/2024\/01\/per-nens.png\" class=\"attachment-large size-large\" alt=\"\" srcset=\"https:\/\/campinglavall.net\/wp-content\/uploads\/2024\/01\/per-nens.png 512w, https:\/\/campinglavall.net\/wp-content\/uploads\/2024\/01\/per-nens-300x300.png 300w, https:\/\/campinglavall.net\/wp-content\/uploads\/2024\/01\/per-nens-150x150.png 150w\" sizes=\"auto, (max-width: 512px) 100vw, 512px\" \/><\/div><\/div><div class=\"w-image icons-activitats2 align_none\"><div class=\"w-image-h\"><img loading=\"lazy\" decoding=\"async\" width=\"512\" height=\"512\" src=\"https:\/\/campinglavall.net\/wp-content\/uploads\/2024\/01\/en-cotxe-1.png\" class=\"attachment-large size-large\" alt=\"\" srcset=\"https:\/\/campinglavall.net\/wp-content\/uploads\/2024\/01\/en-cotxe-1.png 512w, https:\/\/campinglavall.net\/wp-content\/uploads\/2024\/01\/en-cotxe-1-300x300.png 300w, https:\/\/campinglavall.net\/wp-content\/uploads\/2024\/01\/en-cotxe-1-150x150.png 150w\" sizes=\"auto, (max-width: 512px) 100vw, 512px\" \/><\/div><\/div><\/div><\/div><\/div><\/div><\/div><div class=\"w-separator size_small\"><\/div><div class=\"g-cols wpb_row via_grid cols_4 laptops-cols_inherit tablets-cols_inherit mobiles-cols_1 valign_top type_default stacking_default\" style=\"grid-gap:1rem;\"><div class=\"wpb_column vc_column_container div-overlay has-link\"><div class=\"vc_column-overlay\" style=\"background:linear-gradient(180deg,rgba(26,26,26,0.6),rgba(0,0,0,0.85))\"><\/div><div class=\"vc_column-inner\"><div class=\"w-image align_none\"><div class=\"w-image-h\"><img loading=\"lazy\" decoding=\"async\" width=\"800\" height=\"535\" src=\"https:\/\/campinglavall.net\/wp-content\/uploads\/2024\/01\/centre-reproduccio-tortugues.jpg\" class=\"attachment-large size-large\" alt=\"\" srcset=\"https:\/\/campinglavall.net\/wp-content\/uploads\/2024\/01\/centre-reproduccio-tortugues.jpg 800w, https:\/\/campinglavall.net\/wp-content\/uploads\/2024\/01\/centre-reproduccio-tortugues-300x201.jpg 300w\" sizes=\"auto, (max-width: 800px) 100vw, 800px\" \/><\/div><\/div><div class=\"w-vwrapper div-absolute align_none valign_top\"><div class=\"wpb_text_column us_custom_b9b06795 titulo-actividad has_text_color\"><div class=\"wpb_wrapper\"><p style=\"text-align: center;\"><strong>Centro de reproducci\u00f3n de tortugas<\/strong><\/p>\n<\/div><\/div><div class=\"w-hwrapper align_center valign_middle\" style=\"--hwrapper-gap:1.20rem\"><div class=\"wpb_text_column us_custom_4adbe676 distancia-activitat has_text_color\"><div class=\"wpb_wrapper\"><p><strong>A 68km<\/strong><\/p>\n<\/div><\/div><div class=\"w-image icons-activitats1 align_none\"><div class=\"w-image-h\"><img loading=\"lazy\" decoding=\"async\" width=\"512\" height=\"512\" src=\"https:\/\/campinglavall.net\/wp-content\/uploads\/2024\/01\/per-nens.png\" class=\"attachment-large size-large\" alt=\"\" srcset=\"https:\/\/campinglavall.net\/wp-content\/uploads\/2024\/01\/per-nens.png 512w, https:\/\/campinglavall.net\/wp-content\/uploads\/2024\/01\/per-nens-300x300.png 300w, https:\/\/campinglavall.net\/wp-content\/uploads\/2024\/01\/per-nens-150x150.png 150w\" sizes=\"auto, (max-width: 512px) 100vw, 512px\" \/><\/div><\/div><div class=\"w-image icons-activitats2 align_none\"><div class=\"w-image-h\"><img loading=\"lazy\" decoding=\"async\" width=\"512\" height=\"512\" src=\"https:\/\/campinglavall.net\/wp-content\/uploads\/2024\/01\/en-cotxe-1.png\" class=\"attachment-large size-large\" alt=\"\" srcset=\"https:\/\/campinglavall.net\/wp-content\/uploads\/2024\/01\/en-cotxe-1.png 512w, https:\/\/campinglavall.net\/wp-content\/uploads\/2024\/01\/en-cotxe-1-300x300.png 300w, https:\/\/campinglavall.net\/wp-content\/uploads\/2024\/01\/en-cotxe-1-150x150.png 150w\" sizes=\"auto, (max-width: 512px) 100vw, 512px\" \/><\/div><\/div><\/div><\/div><\/div><a href=\"https:\/\/campinglavall.net\/es\/centre-reproduccio-tortugues-lalbera\/\" class=\"vc_column-link smooth-scroll\" aria-label=\"Enlace\"><\/a><\/div><div class=\"wpb_column vc_column_container div-overlay has-link\"><div class=\"vc_column-overlay\" style=\"background:linear-gradient(180deg,rgba(26,26,26,0.6),rgba(0,0,0,0.85))\"><\/div><div class=\"vc_column-inner\"><div class=\"w-image align_none\"><div class=\"w-image-h\"><img loading=\"lazy\" decoding=\"async\" width=\"800\" height=\"535\" src=\"https:\/\/campinglavall.net\/wp-content\/uploads\/2024\/01\/estany-de-banyoles.jpg\" class=\"attachment-large size-large\" alt=\"\" srcset=\"https:\/\/campinglavall.net\/wp-content\/uploads\/2024\/01\/estany-de-banyoles.jpg 800w, https:\/\/campinglavall.net\/wp-content\/uploads\/2024\/01\/estany-de-banyoles-300x201.jpg 300w\" sizes=\"auto, (max-width: 800px) 100vw, 800px\" \/><\/div><\/div><div class=\"w-vwrapper div-absolute align_none valign_top\"><div class=\"wpb_text_column us_custom_b9b06795 titulo-actividad has_text_color\"><div class=\"wpb_wrapper\"><p style=\"text-align: center;\"><strong>Vuelta al esta\u00f1o<\/strong><\/p>\n<\/div><\/div><div class=\"w-hwrapper align_center valign_middle\" style=\"--hwrapper-gap:1.20rem\"><div class=\"wpb_text_column us_custom_4adbe676 distancia-activitat has_text_color\"><div class=\"wpb_wrapper\"><p><strong>A 9km<\/strong><\/p>\n<\/div><\/div><div class=\"w-image icons-activitats1 align_none\"><div class=\"w-image-h\"><img loading=\"lazy\" decoding=\"async\" width=\"512\" height=\"512\" src=\"https:\/\/campinglavall.net\/wp-content\/uploads\/2024\/01\/per-nens.png\" class=\"attachment-large size-large\" alt=\"\" srcset=\"https:\/\/campinglavall.net\/wp-content\/uploads\/2024\/01\/per-nens.png 512w, https:\/\/campinglavall.net\/wp-content\/uploads\/2024\/01\/per-nens-300x300.png 300w, https:\/\/campinglavall.net\/wp-content\/uploads\/2024\/01\/per-nens-150x150.png 150w\" sizes=\"auto, (max-width: 512px) 100vw, 512px\" \/><\/div><\/div><div class=\"w-image icons-activitats2 align_none\"><div class=\"w-image-h\"><img loading=\"lazy\" decoding=\"async\" width=\"512\" height=\"512\" src=\"https:\/\/campinglavall.net\/wp-content\/uploads\/2024\/01\/en-cotxe-1.png\" class=\"attachment-large size-large\" alt=\"\" srcset=\"https:\/\/campinglavall.net\/wp-content\/uploads\/2024\/01\/en-cotxe-1.png 512w, https:\/\/campinglavall.net\/wp-content\/uploads\/2024\/01\/en-cotxe-1-300x300.png 300w, https:\/\/campinglavall.net\/wp-content\/uploads\/2024\/01\/en-cotxe-1-150x150.png 150w\" sizes=\"auto, (max-width: 512px) 100vw, 512px\" \/><\/div><\/div><\/div><\/div><\/div><a href=\"https:\/\/campinglavall.net\/es\/a-peu-amb-nens-i-amb-cotxet\/\" class=\"vc_column-link smooth-scroll\" aria-label=\"Enlace\"><\/a><\/div><div class=\"wpb_column vc_column_container div-overlay has-link\"><div class=\"vc_column-overlay\" style=\"background:linear-gradient(180deg,rgba(26,26,26,0.6),rgba(0,0,0,0.85))\"><\/div><div class=\"vc_column-inner\"><div class=\"w-image align_none\"><div class=\"w-image-h\"><img loading=\"lazy\" decoding=\"async\" width=\"800\" height=\"531\" src=\"https:\/\/campinglavall.net\/wp-content\/uploads\/2024\/08\/PARC-NEOLITIC.jpg\" class=\"attachment-large size-large\" alt=\"\" srcset=\"https:\/\/campinglavall.net\/wp-content\/uploads\/2024\/08\/PARC-NEOLITIC.jpg 800w, https:\/\/campinglavall.net\/wp-content\/uploads\/2024\/08\/PARC-NEOLITIC-300x199.jpg 300w\" sizes=\"auto, (max-width: 800px) 100vw, 800px\" \/><\/div><\/div><div class=\"w-vwrapper div-absolute align_none valign_top\"><div class=\"wpb_text_column us_custom_b9b06795 titulo-actividad has_text_color\"><div class=\"wpb_wrapper\"><p style=\"text-align: center;\"><strong>Talleres en el parque Neol\u00edtic de la draga<\/strong><\/p>\n<\/div><\/div><div class=\"w-hwrapper align_center valign_middle\" style=\"--hwrapper-gap:1.20rem\"><div class=\"wpb_text_column us_custom_4adbe676 distancia-activitat has_text_color\"><div class=\"wpb_wrapper\"><p><strong>A 9km<\/strong><\/p>\n<\/div><\/div><div class=\"w-image icons-activitats1 align_none\"><div class=\"w-image-h\"><img loading=\"lazy\" decoding=\"async\" width=\"512\" height=\"512\" src=\"https:\/\/campinglavall.net\/wp-content\/uploads\/2024\/01\/per-nens.png\" class=\"attachment-large size-large\" alt=\"\" srcset=\"https:\/\/campinglavall.net\/wp-content\/uploads\/2024\/01\/per-nens.png 512w, https:\/\/campinglavall.net\/wp-content\/uploads\/2024\/01\/per-nens-300x300.png 300w, https:\/\/campinglavall.net\/wp-content\/uploads\/2024\/01\/per-nens-150x150.png 150w\" sizes=\"auto, (max-width: 512px) 100vw, 512px\" \/><\/div><\/div><div class=\"w-image icons-activitats2 align_none\"><div class=\"w-image-h\"><img loading=\"lazy\" decoding=\"async\" width=\"512\" height=\"512\" src=\"https:\/\/campinglavall.net\/wp-content\/uploads\/2024\/01\/en-cotxe-1.png\" class=\"attachment-large size-large\" alt=\"\" srcset=\"https:\/\/campinglavall.net\/wp-content\/uploads\/2024\/01\/en-cotxe-1.png 512w, https:\/\/campinglavall.net\/wp-content\/uploads\/2024\/01\/en-cotxe-1-300x300.png 300w, https:\/\/campinglavall.net\/wp-content\/uploads\/2024\/01\/en-cotxe-1-150x150.png 150w\" sizes=\"auto, (max-width: 512px) 100vw, 512px\" \/><\/div><\/div><\/div><\/div><\/div><a href=\"https:\/\/campinglavall.net\/es\/museu-per-nens\/\" class=\"vc_column-link smooth-scroll\" aria-label=\"Enlace\"><\/a><\/div><\/div><div class=\"g-cols wpb_row section-title via_grid cols_1 laptops-cols_inherit tablets-cols_inherit mobiles-cols_1 valign_top type_default stacking_default\"><div class=\"wpb_column vc_column_container\"><div class=\"vc_column-inner\"><div class=\"wpb_text_column\"><div class=\"wpb_wrapper\"><p style=\"text-align: center;\">Rincones que no te puedes perder<\/p>\n<\/div><\/div><\/div><\/div><\/div><div class=\"g-cols wpb_row via_grid cols_4 laptops-cols_inherit tablets-cols_inherit mobiles-cols_1 valign_top type_default stacking_default\" style=\"grid-gap:1rem;\"><div class=\"wpb_column vc_column_container div-overlay\"><div class=\"vc_column-overlay\" style=\"background:linear-gradient(180deg,rgba(26,26,26,0.6),rgba(0,0,0,0.85))\"><\/div><div class=\"vc_column-inner\"><div class=\"w-image align_none\"><div class=\"w-image-h\"><img loading=\"lazy\" decoding=\"async\" width=\"800\" height=\"535\" src=\"https:\/\/campinglavall.net\/wp-content\/uploads\/2024\/01\/besalu.jpg\" class=\"attachment-large size-large\" alt=\"\" srcset=\"https:\/\/campinglavall.net\/wp-content\/uploads\/2024\/01\/besalu.jpg 800w, https:\/\/campinglavall.net\/wp-content\/uploads\/2024\/01\/besalu-300x201.jpg 300w\" sizes=\"auto, (max-width: 800px) 100vw, 800px\" \/><\/div><\/div><div class=\"w-vwrapper div-absolute align_none valign_top\"><div class=\"wpb_text_column us_custom_b9b06795 titulo-actividad has_text_color\"><div class=\"wpb_wrapper\"><p style=\"text-align: center;\"><strong>Besal\u00fa, pueblo medieval<\/strong><\/p>\n<\/div><\/div><div class=\"w-hwrapper align_center valign_middle\" style=\"--hwrapper-gap:1.20rem\"><div class=\"wpb_text_column us_custom_4adbe676 distancia-activitat has_text_color\"><div class=\"wpb_wrapper\"><p><strong>A 26km<\/strong><\/p>\n<\/div><\/div><div class=\"w-image icons-activitats1 align_none\"><div class=\"w-image-h\"><img loading=\"lazy\" decoding=\"async\" width=\"512\" height=\"512\" src=\"https:\/\/campinglavall.net\/wp-content\/uploads\/2024\/01\/en-cotxe-1.png\" class=\"attachment-large size-large\" alt=\"\" srcset=\"https:\/\/campinglavall.net\/wp-content\/uploads\/2024\/01\/en-cotxe-1.png 512w, https:\/\/campinglavall.net\/wp-content\/uploads\/2024\/01\/en-cotxe-1-300x300.png 300w, https:\/\/campinglavall.net\/wp-content\/uploads\/2024\/01\/en-cotxe-1-150x150.png 150w\" sizes=\"auto, (max-width: 512px) 100vw, 512px\" \/><\/div><\/div><\/div><\/div><\/div><\/div><div class=\"wpb_column vc_column_container div-overlay\"><div class=\"vc_column-overlay\" style=\"background:linear-gradient(180deg,rgba(26,26,26,0.6),rgba(0,0,0,0.85))\"><\/div><div class=\"vc_column-inner\"><div class=\"w-image align_none\"><div class=\"w-image-h\"><img loading=\"lazy\" decoding=\"async\" width=\"800\" height=\"535\" src=\"https:\/\/campinglavall.net\/wp-content\/uploads\/2024\/01\/call-jueu-de-Girona.jpg\" class=\"attachment-large size-large\" alt=\"\" srcset=\"https:\/\/campinglavall.net\/wp-content\/uploads\/2024\/01\/call-jueu-de-Girona.jpg 800w, https:\/\/campinglavall.net\/wp-content\/uploads\/2024\/01\/call-jueu-de-Girona-300x201.jpg 300w\" sizes=\"auto, (max-width: 800px) 100vw, 800px\" \/><\/div><\/div><div class=\"w-vwrapper div-absolute align_none valign_top\"><div class=\"wpb_text_column us_custom_b9b06795 titulo-actividad has_text_color\"><div class=\"wpb_wrapper\"><p style=\"text-align: center;\"><strong>Barrio Jud\u00edo de Girona<\/strong><\/p>\n<\/div><\/div><div class=\"w-hwrapper align_center valign_middle\" style=\"--hwrapper-gap:1.20rem\"><div class=\"wpb_text_column us_custom_4adbe676 distancia-activitat has_text_color\"><div class=\"wpb_wrapper\"><p><strong>A 30km<\/strong><\/p>\n<\/div><\/div><div class=\"w-image icons-activitats1 align_none\"><div class=\"w-image-h\"><img loading=\"lazy\" decoding=\"async\" width=\"512\" height=\"512\" src=\"https:\/\/campinglavall.net\/wp-content\/uploads\/2024\/01\/en-cotxe-1.png\" class=\"attachment-large size-large\" alt=\"\" srcset=\"https:\/\/campinglavall.net\/wp-content\/uploads\/2024\/01\/en-cotxe-1.png 512w, https:\/\/campinglavall.net\/wp-content\/uploads\/2024\/01\/en-cotxe-1-300x300.png 300w, https:\/\/campinglavall.net\/wp-content\/uploads\/2024\/01\/en-cotxe-1-150x150.png 150w\" sizes=\"auto, (max-width: 512px) 100vw, 512px\" \/><\/div><\/div><\/div><\/div><\/div><\/div><div class=\"wpb_column vc_column_container div-overlay\"><div class=\"vc_column-overlay\" style=\"background:linear-gradient(180deg,rgba(26,26,26,0.6),rgba(0,0,0,0.85))\"><\/div><div class=\"vc_column-inner\"><div class=\"w-image align_none\"><div class=\"w-image-h\"><img loading=\"lazy\" decoding=\"async\" width=\"800\" height=\"535\" src=\"https:\/\/campinglavall.net\/wp-content\/uploads\/2024\/01\/ruInes-dEmpuries.jpg\" class=\"attachment-large size-large\" alt=\"\" srcset=\"https:\/\/campinglavall.net\/wp-content\/uploads\/2024\/01\/ruInes-dEmpuries.jpg 800w, https:\/\/campinglavall.net\/wp-content\/uploads\/2024\/01\/ruInes-dEmpuries-300x201.jpg 300w\" sizes=\"auto, (max-width: 800px) 100vw, 800px\" \/><\/div><\/div><div class=\"w-vwrapper div-absolute align_none valign_top\"><div class=\"wpb_text_column us_custom_b9b06795 titulo-actividad has_text_color\"><div class=\"wpb_wrapper\"><p style=\"text-align: center;\"><strong>Ruinas de Emp\u00farias<\/strong><\/p>\n<\/div><\/div><div class=\"w-hwrapper align_center valign_middle\" style=\"--hwrapper-gap:1.20rem\"><div class=\"wpb_text_column us_custom_4adbe676 distancia-activitat has_text_color\"><div class=\"wpb_wrapper\"><p><strong>A 52km<\/strong><\/p>\n<\/div><\/div><div class=\"w-image icons-activitats1 align_none\"><div class=\"w-image-h\"><img loading=\"lazy\" decoding=\"async\" width=\"512\" height=\"512\" src=\"https:\/\/campinglavall.net\/wp-content\/uploads\/2024\/01\/en-cotxe-1.png\" class=\"attachment-large size-large\" alt=\"\" srcset=\"https:\/\/campinglavall.net\/wp-content\/uploads\/2024\/01\/en-cotxe-1.png 512w, https:\/\/campinglavall.net\/wp-content\/uploads\/2024\/01\/en-cotxe-1-300x300.png 300w, https:\/\/campinglavall.net\/wp-content\/uploads\/2024\/01\/en-cotxe-1-150x150.png 150w\" sizes=\"auto, (max-width: 512px) 100vw, 512px\" \/><\/div><\/div><\/div><\/div><\/div><\/div><div class=\"wpb_column vc_column_container div-overlay\"><div class=\"vc_column-overlay\" style=\"background:linear-gradient(180deg,rgba(26,26,26,0.6),rgba(0,0,0,0.85))\"><\/div><div class=\"vc_column-inner\"><div class=\"w-image align_none\"><div class=\"w-image-h\"><img loading=\"lazy\" decoding=\"async\" width=\"800\" height=\"535\" src=\"https:\/\/campinglavall.net\/wp-content\/uploads\/2024\/01\/zona-volcanica-de-la-Garrotxa.jpg\" class=\"attachment-large size-large\" alt=\"\" srcset=\"https:\/\/campinglavall.net\/wp-content\/uploads\/2024\/01\/zona-volcanica-de-la-Garrotxa.jpg 800w, https:\/\/campinglavall.net\/wp-content\/uploads\/2024\/01\/zona-volcanica-de-la-Garrotxa-300x201.jpg 300w\" sizes=\"auto, (max-width: 800px) 100vw, 800px\" \/><\/div><\/div><div class=\"w-vwrapper div-absolute align_none valign_top\"><div class=\"wpb_text_column us_custom_b9b06795 titulo-actividad has_text_color\"><div class=\"wpb_wrapper\"><p style=\"text-align: center;\"><strong>Zona volc\u00e1nica de la Garrotxa<\/strong><\/p>\n<\/div><\/div><div class=\"w-hwrapper align_center valign_middle\" style=\"--hwrapper-gap:1.20rem\"><div class=\"wpb_text_column us_custom_4adbe676 distancia-activitat has_text_color\"><div class=\"wpb_wrapper\"><p><strong>A 20km<\/strong><\/p>\n<\/div><\/div><div class=\"w-image icons-activitats1 align_none\"><div class=\"w-image-h\"><img loading=\"lazy\" decoding=\"async\" width=\"512\" height=\"512\" src=\"https:\/\/campinglavall.net\/wp-content\/uploads\/2024\/01\/en-cotxe-1.png\" class=\"attachment-large size-large\" alt=\"\" srcset=\"https:\/\/campinglavall.net\/wp-content\/uploads\/2024\/01\/en-cotxe-1.png 512w, https:\/\/campinglavall.net\/wp-content\/uploads\/2024\/01\/en-cotxe-1-300x300.png 300w, https:\/\/campinglavall.net\/wp-content\/uploads\/2024\/01\/en-cotxe-1-150x150.png 150w\" sizes=\"auto, (max-width: 512px) 100vw, 512px\" \/><\/div><\/div><\/div><\/div><\/div><\/div><\/div><div class=\"w-separator size_small\"><\/div><div class=\"g-cols wpb_row via_grid cols_4 laptops-cols_inherit tablets-cols_inherit mobiles-cols_1 valign_top type_default stacking_default\" style=\"grid-gap:1rem;\"><div class=\"wpb_column vc_column_container div-overlay\"><div class=\"vc_column-overlay\" style=\"background:linear-gradient(180deg,rgba(26,26,26,0.6),rgba(0,0,0,0.85))\"><\/div><div class=\"vc_column-inner\"><div class=\"w-image align_none\"><div class=\"w-image-h\"><img loading=\"lazy\" decoding=\"async\" width=\"800\" height=\"535\" src=\"https:\/\/campinglavall.net\/wp-content\/uploads\/2024\/01\/estany-de-Banyoles-1.jpg\" class=\"attachment-large size-large\" alt=\"\" srcset=\"https:\/\/campinglavall.net\/wp-content\/uploads\/2024\/01\/estany-de-Banyoles-1.jpg 800w, https:\/\/campinglavall.net\/wp-content\/uploads\/2024\/01\/estany-de-Banyoles-1-300x201.jpg 300w\" sizes=\"auto, (max-width: 800px) 100vw, 800px\" \/><\/div><\/div><div class=\"w-vwrapper div-absolute align_none valign_top\"><div class=\"wpb_text_column us_custom_b9b06795 titulo-actividad has_text_color\"><div class=\"wpb_wrapper\"><p style=\"text-align: center;\"><strong>El lago de Banyoles<\/strong><\/p>\n<\/div><\/div><div class=\"w-hwrapper align_center valign_middle\" style=\"--hwrapper-gap:1.20rem\"><div class=\"wpb_text_column us_custom_4adbe676 distancia-activitat has_text_color\"><div class=\"wpb_wrapper\"><p><strong>A 9km<\/strong><\/p>\n<\/div><\/div><div class=\"w-image icons-activitats1 align_none\"><div class=\"w-image-h\"><img loading=\"lazy\" decoding=\"async\" width=\"512\" height=\"512\" src=\"https:\/\/campinglavall.net\/wp-content\/uploads\/2024\/01\/en-cotxe-1.png\" class=\"attachment-large size-large\" alt=\"\" srcset=\"https:\/\/campinglavall.net\/wp-content\/uploads\/2024\/01\/en-cotxe-1.png 512w, https:\/\/campinglavall.net\/wp-content\/uploads\/2024\/01\/en-cotxe-1-300x300.png 300w, https:\/\/campinglavall.net\/wp-content\/uploads\/2024\/01\/en-cotxe-1-150x150.png 150w\" sizes=\"auto, (max-width: 512px) 100vw, 512px\" \/><\/div><\/div><\/div><\/div><\/div><\/div><div class=\"wpb_column vc_column_container div-overlay\"><div class=\"vc_column-overlay\" style=\"background:linear-gradient(180deg,rgba(26,26,26,0.6),rgba(0,0,0,0.85))\"><\/div><div class=\"vc_column-inner\"><div class=\"w-image align_none\"><div class=\"w-image-h\"><img loading=\"lazy\" decoding=\"async\" width=\"800\" height=\"535\" src=\"https:\/\/campinglavall.net\/wp-content\/uploads\/2024\/01\/Peratallada-Girona-Casco-Antiguo-Arcos.jpg\" class=\"attachment-large size-large\" alt=\"\" srcset=\"https:\/\/campinglavall.net\/wp-content\/uploads\/2024\/01\/Peratallada-Girona-Casco-Antiguo-Arcos.jpg 800w, https:\/\/campinglavall.net\/wp-content\/uploads\/2024\/01\/Peratallada-Girona-Casco-Antiguo-Arcos-300x201.jpg 300w\" sizes=\"auto, (max-width: 800px) 100vw, 800px\" \/><\/div><\/div><div class=\"w-vwrapper div-absolute align_none valign_top\"><div class=\"wpb_text_column us_custom_b9b06795 titulo-actividad has_text_color\"><div class=\"wpb_wrapper\"><p style=\"text-align: center;\"><strong>Peratellada<\/strong><\/p>\n<\/div><\/div><div class=\"w-hwrapper align_center valign_middle\" style=\"--hwrapper-gap:1.20rem\"><div class=\"wpb_text_column us_custom_4adbe676 distancia-activitat has_text_color\"><div class=\"wpb_wrapper\"><p><strong>A 52km<\/strong><\/p>\n<\/div><\/div><div class=\"w-image icons-activitats1 align_none\"><div class=\"w-image-h\"><img loading=\"lazy\" decoding=\"async\" width=\"512\" height=\"512\" src=\"https:\/\/campinglavall.net\/wp-content\/uploads\/2024\/01\/en-cotxe-1.png\" class=\"attachment-large size-large\" alt=\"\" srcset=\"https:\/\/campinglavall.net\/wp-content\/uploads\/2024\/01\/en-cotxe-1.png 512w, https:\/\/campinglavall.net\/wp-content\/uploads\/2024\/01\/en-cotxe-1-300x300.png 300w, https:\/\/campinglavall.net\/wp-content\/uploads\/2024\/01\/en-cotxe-1-150x150.png 150w\" sizes=\"auto, (max-width: 512px) 100vw, 512px\" \/><\/div><\/div><\/div><\/div><\/div><\/div><div class=\"wpb_column vc_column_container div-overlay\"><div class=\"vc_column-overlay\" style=\"background:linear-gradient(180deg,rgba(26,26,26,0.6),rgba(0,0,0,0.85))\"><\/div><div class=\"vc_column-inner\"><div class=\"w-image align_none\"><div class=\"w-image-h\"><img loading=\"lazy\" decoding=\"async\" width=\"800\" height=\"535\" src=\"https:\/\/campinglavall.net\/wp-content\/uploads\/2024\/01\/Beget-Girona.jpg\" class=\"attachment-large size-large\" alt=\"\" srcset=\"https:\/\/campinglavall.net\/wp-content\/uploads\/2024\/01\/Beget-Girona.jpg 800w, https:\/\/campinglavall.net\/wp-content\/uploads\/2024\/01\/Beget-Girona-300x201.jpg 300w\" sizes=\"auto, (max-width: 800px) 100vw, 800px\" \/><\/div><\/div><div class=\"w-vwrapper div-absolute align_none valign_top\"><div class=\"wpb_text_column us_custom_b9b06795 titulo-actividad has_text_color\"><div class=\"wpb_wrapper\"><p style=\"text-align: center;\"><strong>Beget<\/strong><\/p>\n<\/div><\/div><div class=\"w-hwrapper align_center valign_middle\" style=\"--hwrapper-gap:1.20rem\"><div class=\"wpb_text_column us_custom_4adbe676 distancia-activitat has_text_color\"><div class=\"wpb_wrapper\"><p><strong>A 64km<\/strong><\/p>\n<\/div><\/div><div class=\"w-image icons-activitats1 align_none\"><div class=\"w-image-h\"><img loading=\"lazy\" decoding=\"async\" width=\"512\" height=\"512\" src=\"https:\/\/campinglavall.net\/wp-content\/uploads\/2024\/01\/en-cotxe-1.png\" class=\"attachment-large size-large\" alt=\"\" srcset=\"https:\/\/campinglavall.net\/wp-content\/uploads\/2024\/01\/en-cotxe-1.png 512w, https:\/\/campinglavall.net\/wp-content\/uploads\/2024\/01\/en-cotxe-1-300x300.png 300w, https:\/\/campinglavall.net\/wp-content\/uploads\/2024\/01\/en-cotxe-1-150x150.png 150w\" sizes=\"auto, (max-width: 512px) 100vw, 512px\" \/><\/div><\/div><\/div><\/div><\/div><\/div><div class=\"wpb_column vc_column_container div-overlay\"><div class=\"vc_column-overlay\" style=\"background:linear-gradient(180deg,rgba(26,26,26,0.6),rgba(0,0,0,0.85))\"><\/div><div class=\"vc_column-inner\"><div class=\"w-image align_none\"><div class=\"w-image-h\"><img loading=\"lazy\" decoding=\"async\" width=\"800\" height=\"535\" src=\"https:\/\/campinglavall.net\/wp-content\/uploads\/2024\/01\/sant-aanioooool-1.jpg\" class=\"attachment-large size-large\" alt=\"\" srcset=\"https:\/\/campinglavall.net\/wp-content\/uploads\/2024\/01\/sant-aanioooool-1.jpg 800w, https:\/\/campinglavall.net\/wp-content\/uploads\/2024\/01\/sant-aanioooool-1-300x201.jpg 300w\" sizes=\"auto, (max-width: 800px) 100vw, 800px\" \/><\/div><\/div><div class=\"w-vwrapper div-absolute align_none valign_top\"><div class=\"wpb_text_column us_custom_b9b06795 titulo-actividad has_text_color\"><div class=\"wpb_wrapper\"><p style=\"text-align: center;\"><strong>Sant Aniol d\u2019aguja<\/strong><\/p>\n<\/div><\/div><div class=\"w-hwrapper align_center valign_middle\" style=\"--hwrapper-gap:1.20rem\"><div class=\"wpb_text_column us_custom_4adbe676 distancia-activitat has_text_color\"><div class=\"wpb_wrapper\"><p><strong>A 43km<\/strong><\/p>\n<\/div><\/div><div class=\"w-image icons-activitats1 align_none\"><div class=\"w-image-h\"><img loading=\"lazy\" decoding=\"async\" width=\"512\" height=\"512\" src=\"https:\/\/campinglavall.net\/wp-content\/uploads\/2024\/01\/en-cotxe-1.png\" class=\"attachment-large size-large\" alt=\"\" srcset=\"https:\/\/campinglavall.net\/wp-content\/uploads\/2024\/01\/en-cotxe-1.png 512w, https:\/\/campinglavall.net\/wp-content\/uploads\/2024\/01\/en-cotxe-1-300x300.png 300w, https:\/\/campinglavall.net\/wp-content\/uploads\/2024\/01\/en-cotxe-1-150x150.png 150w\" sizes=\"auto, (max-width: 512px) 100vw, 512px\" \/><\/div><\/div><\/div><\/div><\/div><\/div><\/div><div class=\"w-separator size_small\"><\/div><div class=\"g-cols wpb_row via_grid cols_4 laptops-cols_inherit tablets-cols_inherit mobiles-cols_1 valign_top type_default stacking_default\" style=\"grid-gap:1rem;\"><div class=\"wpb_column vc_column_container div-overlay\"><div class=\"vc_column-overlay\" style=\"background:linear-gradient(180deg,rgba(26,26,26,0.6),rgba(0,0,0,0.85))\"><\/div><div class=\"vc_column-inner\"><div class=\"w-image align_none\"><div class=\"w-image-h\"><img loading=\"lazy\" decoding=\"async\" width=\"800\" height=\"535\" src=\"https:\/\/campinglavall.net\/wp-content\/uploads\/2024\/01\/castell-de-sant-ferran.jpg\" class=\"attachment-large size-large\" alt=\"\" srcset=\"https:\/\/campinglavall.net\/wp-content\/uploads\/2024\/01\/castell-de-sant-ferran.jpg 800w, https:\/\/campinglavall.net\/wp-content\/uploads\/2024\/01\/castell-de-sant-ferran-300x201.jpg 300w\" sizes=\"auto, (max-width: 800px) 100vw, 800px\" \/><\/div><\/div><div class=\"w-vwrapper div-absolute align_none valign_top\"><div class=\"wpb_text_column us_custom_b9b06795 titulo-actividad has_text_color\"><div class=\"wpb_wrapper\"><p style=\"text-align: center;\"><strong>Castell de Sant Ferran figueres<\/strong><\/p>\n<\/div><\/div><div class=\"w-hwrapper align_center valign_middle\" style=\"--hwrapper-gap:1.20rem\"><div class=\"wpb_text_column us_custom_4adbe676 distancia-activitat has_text_color\"><div class=\"wpb_wrapper\"><p><strong>A 40km<\/strong><\/p>\n<\/div><\/div><div class=\"w-image icons-activitats1 align_none\"><div class=\"w-image-h\"><img loading=\"lazy\" decoding=\"async\" width=\"512\" height=\"512\" src=\"https:\/\/campinglavall.net\/wp-content\/uploads\/2024\/01\/en-cotxe-1.png\" class=\"attachment-large size-large\" alt=\"\" srcset=\"https:\/\/campinglavall.net\/wp-content\/uploads\/2024\/01\/en-cotxe-1.png 512w, https:\/\/campinglavall.net\/wp-content\/uploads\/2024\/01\/en-cotxe-1-300x300.png 300w, https:\/\/campinglavall.net\/wp-content\/uploads\/2024\/01\/en-cotxe-1-150x150.png 150w\" sizes=\"auto, (max-width: 512px) 100vw, 512px\" \/><\/div><\/div><\/div><\/div><\/div><\/div><div class=\"wpb_column vc_column_container div-overlay\"><div class=\"vc_column-overlay\" style=\"background:linear-gradient(180deg,rgba(26,26,26,0.6),rgba(0,0,0,0.85))\"><\/div><div class=\"vc_column-inner\"><div class=\"w-image align_none\"><div class=\"w-image-h\"><img loading=\"lazy\" decoding=\"async\" width=\"800\" height=\"535\" src=\"https:\/\/campinglavall.net\/wp-content\/uploads\/2024\/01\/museu-Dali.jpg\" class=\"attachment-large size-large\" alt=\"\" srcset=\"https:\/\/campinglavall.net\/wp-content\/uploads\/2024\/01\/museu-Dali.jpg 800w, https:\/\/campinglavall.net\/wp-content\/uploads\/2024\/01\/museu-Dali-300x201.jpg 300w\" sizes=\"auto, (max-width: 800px) 100vw, 800px\" \/><\/div><\/div><div class=\"w-vwrapper div-absolute align_none valign_top\"><div class=\"wpb_text_column us_custom_b9b06795 titulo-actividad has_text_color\"><div class=\"wpb_wrapper\"><p style=\"text-align: center;\"><strong>Museu dal\u00ed<\/strong><\/p>\n<\/div><\/div><div class=\"w-hwrapper align_center valign_middle\" style=\"--hwrapper-gap:1.20rem\"><div class=\"wpb_text_column us_custom_4adbe676 distancia-activitat has_text_color\"><div class=\"wpb_wrapper\"><p><strong>A 40km<\/strong><\/p>\n<\/div><\/div><div class=\"w-image icons-activitats1 align_none\"><div class=\"w-image-h\"><img loading=\"lazy\" decoding=\"async\" width=\"512\" height=\"512\" src=\"https:\/\/campinglavall.net\/wp-content\/uploads\/2024\/01\/en-cotxe-1.png\" class=\"attachment-large size-large\" alt=\"\" srcset=\"https:\/\/campinglavall.net\/wp-content\/uploads\/2024\/01\/en-cotxe-1.png 512w, https:\/\/campinglavall.net\/wp-content\/uploads\/2024\/01\/en-cotxe-1-300x300.png 300w, https:\/\/campinglavall.net\/wp-content\/uploads\/2024\/01\/en-cotxe-1-150x150.png 150w\" sizes=\"auto, (max-width: 512px) 100vw, 512px\" \/><\/div><\/div><\/div><\/div><\/div><\/div><div class=\"wpb_column vc_column_container div-overlay\"><div class=\"vc_column-overlay\" style=\"background:linear-gradient(180deg,rgba(26,26,26,0.6),rgba(0,0,0,0.85))\"><\/div><div class=\"vc_column-inner\"><div class=\"w-image align_none\"><div class=\"w-image-h\"><img loading=\"lazy\" decoding=\"async\" width=\"800\" height=\"535\" src=\"https:\/\/campinglavall.net\/wp-content\/uploads\/2024\/01\/mona.jpg\" class=\"attachment-large size-large\" alt=\"\" srcset=\"https:\/\/campinglavall.net\/wp-content\/uploads\/2024\/01\/mona.jpg 800w, https:\/\/campinglavall.net\/wp-content\/uploads\/2024\/01\/mona-300x201.jpg 300w\" sizes=\"auto, (max-width: 800px) 100vw, 800px\" \/><\/div><\/div><div class=\"w-vwrapper div-absolute align_none valign_top\"><div class=\"wpb_text_column us_custom_b9b06795 titulo-actividad has_text_color\"><div class=\"wpb_wrapper\"><p style=\"text-align: center;\"><strong>Fundaci\u00f3 Mona<\/strong><\/p>\n<\/div><\/div><div class=\"w-hwrapper align_center valign_middle\" style=\"--hwrapper-gap:1.20rem\"><div class=\"wpb_text_column us_custom_4adbe676 distancia-activitat has_text_color\"><div class=\"wpb_wrapper\"><p><strong>A 42km<\/strong><\/p>\n<\/div><\/div><div class=\"w-image icons-activitats1 align_none\"><div class=\"w-image-h\"><img loading=\"lazy\" decoding=\"async\" width=\"512\" height=\"512\" src=\"https:\/\/campinglavall.net\/wp-content\/uploads\/2024\/01\/en-cotxe-1.png\" class=\"attachment-large size-large\" alt=\"\" srcset=\"https:\/\/campinglavall.net\/wp-content\/uploads\/2024\/01\/en-cotxe-1.png 512w, https:\/\/campinglavall.net\/wp-content\/uploads\/2024\/01\/en-cotxe-1-300x300.png 300w, https:\/\/campinglavall.net\/wp-content\/uploads\/2024\/01\/en-cotxe-1-150x150.png 150w\" sizes=\"auto, (max-width: 512px) 100vw, 512px\" \/><\/div><\/div><\/div><\/div><\/div><\/div><div class=\"wpb_column vc_column_container div-overlay\"><div class=\"vc_column-overlay\" style=\"background:linear-gradient(180deg,rgba(26,26,26,0.6),rgba(0,0,0,0.85))\"><\/div><div class=\"vc_column-inner\"><div class=\"w-image align_none\"><div class=\"w-image-h\"><img loading=\"lazy\" decoding=\"async\" width=\"800\" height=\"535\" src=\"https:\/\/campinglavall.net\/wp-content\/uploads\/2024\/01\/els-aiguamolls-de-lemporda.jpg\" class=\"attachment-large size-large\" alt=\"\" srcset=\"https:\/\/campinglavall.net\/wp-content\/uploads\/2024\/01\/els-aiguamolls-de-lemporda.jpg 800w, https:\/\/campinglavall.net\/wp-content\/uploads\/2024\/01\/els-aiguamolls-de-lemporda-300x201.jpg 300w\" sizes=\"auto, (max-width: 800px) 100vw, 800px\" \/><\/div><\/div><div class=\"w-vwrapper div-absolute align_none valign_top\"><div class=\"wpb_text_column us_custom_b9b06795 titulo-actividad has_text_color\"><div class=\"wpb_wrapper\"><p style=\"text-align: center;\"><strong>Aiguamolls de l\u2019empord\u00e0<\/strong><\/p>\n<\/div><\/div><div class=\"w-hwrapper align_center valign_middle\" style=\"--hwrapper-gap:1.20rem\"><div class=\"wpb_text_column us_custom_4adbe676 distancia-activitat has_text_color\"><div class=\"wpb_wrapper\"><p><strong>A 65km<\/strong><\/p>\n<\/div><\/div><div class=\"w-image icons-activitats1 align_none\"><div class=\"w-image-h\"><img loading=\"lazy\" decoding=\"async\" width=\"512\" height=\"512\" src=\"https:\/\/campinglavall.net\/wp-content\/uploads\/2024\/01\/en-cotxe-1.png\" class=\"attachment-large size-large\" alt=\"\" srcset=\"https:\/\/campinglavall.net\/wp-content\/uploads\/2024\/01\/en-cotxe-1.png 512w, https:\/\/campinglavall.net\/wp-content\/uploads\/2024\/01\/en-cotxe-1-300x300.png 300w, https:\/\/campinglavall.net\/wp-content\/uploads\/2024\/01\/en-cotxe-1-150x150.png 150w\" sizes=\"auto, (max-width: 512px) 100vw, 512px\" \/><\/div><\/div><\/div><\/div><\/div><\/div><\/div><div class=\"g-cols wpb_row section-title via_grid cols_1 laptops-cols_inherit tablets-cols_inherit mobiles-cols_1 valign_top type_default stacking_default\"><div class=\"wpb_column vc_column_container\"><div class=\"vc_column-inner\"><div class=\"wpb_text_column\"><div class=\"wpb_wrapper\"><p style=\"text-align: center;\">Playas y zonas de ba\u00f1o<\/p>\n<\/div><\/div><\/div><\/div><\/div><div class=\"g-cols wpb_row via_grid cols_4 laptops-cols_inherit tablets-cols_inherit mobiles-cols_1 valign_top type_default stacking_default\" style=\"grid-gap:1rem;\"><div class=\"wpb_column vc_column_container div-overlay\"><div class=\"vc_column-overlay\" style=\"background:linear-gradient(180deg,rgba(26,26,26,0.6),rgba(0,0,0,0.85))\"><\/div><div class=\"vc_column-inner\"><div class=\"w-image align_none\"><div class=\"w-image-h\"><img loading=\"lazy\" decoding=\"async\" width=\"800\" height=\"535\" src=\"https:\/\/campinglavall.net\/wp-content\/uploads\/2024\/01\/sant-marti-dempuries-.jpg\" class=\"attachment-large size-large\" alt=\"\" srcset=\"https:\/\/campinglavall.net\/wp-content\/uploads\/2024\/01\/sant-marti-dempuries-.jpg 800w, https:\/\/campinglavall.net\/wp-content\/uploads\/2024\/01\/sant-marti-dempuries--300x201.jpg 300w\" sizes=\"auto, (max-width: 800px) 100vw, 800px\" \/><\/div><\/div><div class=\"w-vwrapper div-absolute align_none valign_top\"><div class=\"wpb_text_column us_custom_b9b06795 titulo-actividad has_text_color\"><div class=\"wpb_wrapper\"><p style=\"text-align: center;\"><strong>Sant Mart\u00ed d\u2019empuries<\/strong><\/p>\n<\/div><\/div><div class=\"w-hwrapper align_center valign_middle\" style=\"--hwrapper-gap:1.20rem\"><div class=\"wpb_text_column us_custom_4adbe676 distancia-activitat has_text_color\"><div class=\"wpb_wrapper\"><p><strong>A 48km<\/strong><\/p>\n<\/div><\/div><div class=\"w-image icons-activitats1 align_none\"><div class=\"w-image-h\"><img loading=\"lazy\" decoding=\"async\" width=\"512\" height=\"512\" src=\"https:\/\/campinglavall.net\/wp-content\/uploads\/2024\/01\/per-nens.png\" class=\"attachment-large size-large\" alt=\"\" srcset=\"https:\/\/campinglavall.net\/wp-content\/uploads\/2024\/01\/per-nens.png 512w, https:\/\/campinglavall.net\/wp-content\/uploads\/2024\/01\/per-nens-300x300.png 300w, https:\/\/campinglavall.net\/wp-content\/uploads\/2024\/01\/per-nens-150x150.png 150w\" sizes=\"auto, (max-width: 512px) 100vw, 512px\" \/><\/div><\/div><div class=\"w-image icons-activitats2 align_none\"><div class=\"w-image-h\"><img loading=\"lazy\" decoding=\"async\" width=\"512\" height=\"512\" src=\"https:\/\/campinglavall.net\/wp-content\/uploads\/2024\/01\/en-cotxe-1.png\" class=\"attachment-large size-large\" alt=\"\" srcset=\"https:\/\/campinglavall.net\/wp-content\/uploads\/2024\/01\/en-cotxe-1.png 512w, https:\/\/campinglavall.net\/wp-content\/uploads\/2024\/01\/en-cotxe-1-300x300.png 300w, https:\/\/campinglavall.net\/wp-content\/uploads\/2024\/01\/en-cotxe-1-150x150.png 150w\" sizes=\"auto, (max-width: 512px) 100vw, 512px\" \/><\/div><\/div><\/div><\/div><\/div><\/div><div class=\"wpb_column vc_column_container div-overlay\"><div class=\"vc_column-overlay\" style=\"background:linear-gradient(180deg,rgba(26,26,26,0.6),rgba(0,0,0,0.85))\"><\/div><div class=\"vc_column-inner\"><div class=\"w-image align_none\"><div class=\"w-image-h\"><img loading=\"lazy\" decoding=\"async\" width=\"800\" height=\"535\" src=\"https:\/\/campinglavall.net\/wp-content\/uploads\/2024\/01\/aiguablava.jpg\" class=\"attachment-large size-large\" alt=\"\" srcset=\"https:\/\/campinglavall.net\/wp-content\/uploads\/2024\/01\/aiguablava.jpg 800w, https:\/\/campinglavall.net\/wp-content\/uploads\/2024\/01\/aiguablava-300x201.jpg 300w\" sizes=\"auto, (max-width: 800px) 100vw, 800px\" \/><\/div><\/div><div class=\"w-vwrapper div-absolute align_none valign_top\"><div class=\"wpb_text_column us_custom_b9b06795 titulo-actividad has_text_color\"><div class=\"wpb_wrapper\"><p style=\"text-align: center;\"><strong>Aiguablava<\/strong><\/p>\n<\/div><\/div><div class=\"w-hwrapper align_center valign_middle\" style=\"--hwrapper-gap:1.20rem\"><div class=\"wpb_text_column us_custom_4adbe676 distancia-activitat has_text_color\"><div class=\"wpb_wrapper\"><p><strong>A 58km<\/strong><\/p>\n<\/div><\/div><div class=\"w-image icons-activitats1 align_none\"><div class=\"w-image-h\"><img loading=\"lazy\" decoding=\"async\" width=\"512\" height=\"512\" src=\"https:\/\/campinglavall.net\/wp-content\/uploads\/2024\/01\/per-nens.png\" class=\"attachment-large size-large\" alt=\"\" srcset=\"https:\/\/campinglavall.net\/wp-content\/uploads\/2024\/01\/per-nens.png 512w, https:\/\/campinglavall.net\/wp-content\/uploads\/2024\/01\/per-nens-300x300.png 300w, https:\/\/campinglavall.net\/wp-content\/uploads\/2024\/01\/per-nens-150x150.png 150w\" sizes=\"auto, (max-width: 512px) 100vw, 512px\" \/><\/div><\/div><div class=\"w-image icons-activitats2 align_none\"><div class=\"w-image-h\"><img loading=\"lazy\" decoding=\"async\" width=\"512\" height=\"512\" src=\"https:\/\/campinglavall.net\/wp-content\/uploads\/2024\/01\/en-cotxe-1.png\" class=\"attachment-large size-large\" alt=\"\" srcset=\"https:\/\/campinglavall.net\/wp-content\/uploads\/2024\/01\/en-cotxe-1.png 512w, https:\/\/campinglavall.net\/wp-content\/uploads\/2024\/01\/en-cotxe-1-300x300.png 300w, https:\/\/campinglavall.net\/wp-content\/uploads\/2024\/01\/en-cotxe-1-150x150.png 150w\" sizes=\"auto, (max-width: 512px) 100vw, 512px\" \/><\/div><\/div><\/div><\/div><\/div><\/div><div class=\"wpb_column vc_column_container div-overlay\"><div class=\"vc_column-overlay\" style=\"background:linear-gradient(180deg,rgba(26,26,26,0.6),rgba(0,0,0,0.85))\"><\/div><div class=\"vc_column-inner\"><div class=\"w-image align_none\"><div class=\"w-image-h\"><img loading=\"lazy\" decoding=\"async\" width=\"800\" height=\"535\" src=\"https:\/\/campinglavall.net\/wp-content\/uploads\/2024\/01\/calella-de-palafrugell.jpg\" class=\"attachment-large size-large\" alt=\"\" srcset=\"https:\/\/campinglavall.net\/wp-content\/uploads\/2024\/01\/calella-de-palafrugell.jpg 800w, https:\/\/campinglavall.net\/wp-content\/uploads\/2024\/01\/calella-de-palafrugell-300x201.jpg 300w\" sizes=\"auto, (max-width: 800px) 100vw, 800px\" \/><\/div><\/div><div class=\"w-vwrapper div-absolute align_none valign_top\"><div class=\"wpb_text_column us_custom_b9b06795 titulo-actividad has_text_color\"><div class=\"wpb_wrapper\"><p style=\"text-align: center;\"><strong>Calella de Palafruguell<\/strong><\/p>\n<\/div><\/div><div class=\"w-hwrapper align_center valign_middle\" style=\"--hwrapper-gap:1.20rem\"><div class=\"wpb_text_column us_custom_4adbe676 distancia-activitat has_text_color\"><div class=\"wpb_wrapper\"><p><strong>A 63km<\/strong><\/p>\n<\/div><\/div><div class=\"w-image icons-activitats1 align_none\"><div class=\"w-image-h\"><img loading=\"lazy\" decoding=\"async\" width=\"512\" height=\"512\" src=\"https:\/\/campinglavall.net\/wp-content\/uploads\/2024\/01\/per-nens.png\" class=\"attachment-large size-large\" alt=\"\" srcset=\"https:\/\/campinglavall.net\/wp-content\/uploads\/2024\/01\/per-nens.png 512w, https:\/\/campinglavall.net\/wp-content\/uploads\/2024\/01\/per-nens-300x300.png 300w, https:\/\/campinglavall.net\/wp-content\/uploads\/2024\/01\/per-nens-150x150.png 150w\" sizes=\"auto, (max-width: 512px) 100vw, 512px\" \/><\/div><\/div><div class=\"w-image icons-activitats2 align_none\"><div class=\"w-image-h\"><img loading=\"lazy\" decoding=\"async\" width=\"512\" height=\"512\" src=\"https:\/\/campinglavall.net\/wp-content\/uploads\/2024\/01\/en-cotxe-1.png\" class=\"attachment-large size-large\" alt=\"\" srcset=\"https:\/\/campinglavall.net\/wp-content\/uploads\/2024\/01\/en-cotxe-1.png 512w, https:\/\/campinglavall.net\/wp-content\/uploads\/2024\/01\/en-cotxe-1-300x300.png 300w, https:\/\/campinglavall.net\/wp-content\/uploads\/2024\/01\/en-cotxe-1-150x150.png 150w\" sizes=\"auto, (max-width: 512px) 100vw, 512px\" \/><\/div><\/div><\/div><\/div><\/div><\/div><div class=\"wpb_column vc_column_container div-overlay\"><div class=\"vc_column-overlay\" style=\"background:linear-gradient(180deg,rgba(26,26,26,0.6),rgba(0,0,0,0.85))\"><\/div><div class=\"vc_column-inner\"><div class=\"w-image align_none\"><div class=\"w-image-h\"><img loading=\"lazy\" decoding=\"async\" width=\"800\" height=\"535\" src=\"https:\/\/campinglavall.net\/wp-content\/uploads\/2024\/01\/tamariu.jpg\" class=\"attachment-large size-large\" alt=\"\" srcset=\"https:\/\/campinglavall.net\/wp-content\/uploads\/2024\/01\/tamariu.jpg 800w, https:\/\/campinglavall.net\/wp-content\/uploads\/2024\/01\/tamariu-300x201.jpg 300w\" sizes=\"auto, (max-width: 800px) 100vw, 800px\" \/><\/div><\/div><div class=\"w-vwrapper div-absolute align_none valign_top\"><div class=\"wpb_text_column us_custom_b9b06795 titulo-actividad has_text_color\"><div class=\"wpb_wrapper\"><p style=\"text-align: center;\"><strong>Tamariu<\/strong><\/p>\n<\/div><\/div><div class=\"w-hwrapper align_center valign_middle\" style=\"--hwrapper-gap:1.20rem\"><div class=\"wpb_text_column us_custom_4adbe676 distancia-activitat has_text_color\"><div class=\"wpb_wrapper\"><p><strong>A 65km<\/strong><\/p>\n<\/div><\/div><div class=\"w-image icons-activitats1 align_none\"><div class=\"w-image-h\"><img loading=\"lazy\" decoding=\"async\" width=\"512\" height=\"512\" src=\"https:\/\/campinglavall.net\/wp-content\/uploads\/2024\/01\/per-nens.png\" class=\"attachment-large size-large\" alt=\"\" srcset=\"https:\/\/campinglavall.net\/wp-content\/uploads\/2024\/01\/per-nens.png 512w, https:\/\/campinglavall.net\/wp-content\/uploads\/2024\/01\/per-nens-300x300.png 300w, https:\/\/campinglavall.net\/wp-content\/uploads\/2024\/01\/per-nens-150x150.png 150w\" sizes=\"auto, (max-width: 512px) 100vw, 512px\" \/><\/div><\/div><div class=\"w-image icons-activitats2 align_none\"><div class=\"w-image-h\"><img loading=\"lazy\" decoding=\"async\" width=\"512\" height=\"512\" src=\"https:\/\/campinglavall.net\/wp-content\/uploads\/2024\/01\/en-cotxe-1.png\" class=\"attachment-large size-large\" alt=\"\" srcset=\"https:\/\/campinglavall.net\/wp-content\/uploads\/2024\/01\/en-cotxe-1.png 512w, https:\/\/campinglavall.net\/wp-content\/uploads\/2024\/01\/en-cotxe-1-300x300.png 300w, https:\/\/campinglavall.net\/wp-content\/uploads\/2024\/01\/en-cotxe-1-150x150.png 150w\" sizes=\"auto, (max-width: 512px) 100vw, 512px\" \/><\/div><\/div><\/div><\/div><\/div><\/div><\/div><div class=\"w-separator size_small\"><\/div><div class=\"g-cols wpb_row via_grid cols_4 laptops-cols_inherit tablets-cols_inherit mobiles-cols_1 valign_top type_default stacking_default\" style=\"grid-gap:1rem;\"><div class=\"wpb_column vc_column_container div-overlay\"><div class=\"vc_column-overlay\" style=\"background:linear-gradient(180deg,rgba(26,26,26,0.6),rgba(0,0,0,0.85))\"><\/div><div class=\"vc_column-inner\"><div class=\"w-image align_none\"><div class=\"w-image-h\"><img loading=\"lazy\" decoding=\"async\" width=\"800\" height=\"535\" src=\"https:\/\/campinglavall.net\/wp-content\/uploads\/2024\/01\/cadaques.jpg\" class=\"attachment-large size-large\" alt=\"\" srcset=\"https:\/\/campinglavall.net\/wp-content\/uploads\/2024\/01\/cadaques.jpg 800w, https:\/\/campinglavall.net\/wp-content\/uploads\/2024\/01\/cadaques-300x201.jpg 300w\" sizes=\"auto, (max-width: 800px) 100vw, 800px\" \/><\/div><\/div><div class=\"w-vwrapper div-absolute align_none valign_top\"><div class=\"wpb_text_column us_custom_b9b06795 titulo-actividad has_text_color\"><div class=\"wpb_wrapper\"><p style=\"text-align: center;\"><strong>Cadaqu\u00e9s<\/strong><\/p>\n<\/div><\/div><div class=\"w-hwrapper align_center valign_middle\" style=\"--hwrapper-gap:1.20rem\"><div class=\"wpb_text_column us_custom_4adbe676 distancia-activitat has_text_color\"><div class=\"wpb_wrapper\"><p><strong>A 80km<\/strong><\/p>\n<\/div><\/div><div class=\"w-image icons-activitats1 align_none\"><div class=\"w-image-h\"><img loading=\"lazy\" decoding=\"async\" width=\"512\" height=\"512\" src=\"https:\/\/campinglavall.net\/wp-content\/uploads\/2024\/01\/per-nens.png\" class=\"attachment-large size-large\" alt=\"\" srcset=\"https:\/\/campinglavall.net\/wp-content\/uploads\/2024\/01\/per-nens.png 512w, https:\/\/campinglavall.net\/wp-content\/uploads\/2024\/01\/per-nens-300x300.png 300w, https:\/\/campinglavall.net\/wp-content\/uploads\/2024\/01\/per-nens-150x150.png 150w\" sizes=\"auto, (max-width: 512px) 100vw, 512px\" \/><\/div><\/div><div class=\"w-image icons-activitats2 align_none\"><div class=\"w-image-h\"><img loading=\"lazy\" decoding=\"async\" width=\"512\" height=\"512\" src=\"https:\/\/campinglavall.net\/wp-content\/uploads\/2024\/01\/en-cotxe-1.png\" class=\"attachment-large size-large\" alt=\"\" srcset=\"https:\/\/campinglavall.net\/wp-content\/uploads\/2024\/01\/en-cotxe-1.png 512w, https:\/\/campinglavall.net\/wp-content\/uploads\/2024\/01\/en-cotxe-1-300x300.png 300w, https:\/\/campinglavall.net\/wp-content\/uploads\/2024\/01\/en-cotxe-1-150x150.png 150w\" sizes=\"auto, (max-width: 512px) 100vw, 512px\" \/><\/div><\/div><\/div><\/div><\/div><\/div><div class=\"wpb_column vc_column_container div-overlay\"><div class=\"vc_column-overlay\" style=\"background:linear-gradient(180deg,rgba(26,26,26,0.6),rgba(0,0,0,0.85))\"><\/div><div class=\"vc_column-inner\"><div class=\"w-image align_none\"><div class=\"w-image-h\"><img loading=\"lazy\" decoding=\"async\" width=\"800\" height=\"535\" src=\"https:\/\/campinglavall.net\/wp-content\/uploads\/2024\/01\/castells.jpg\" class=\"attachment-large size-large\" alt=\"\" srcset=\"https:\/\/campinglavall.net\/wp-content\/uploads\/2024\/01\/castells.jpg 800w, https:\/\/campinglavall.net\/wp-content\/uploads\/2024\/01\/castells-300x201.jpg 300w\" sizes=\"auto, (max-width: 800px) 100vw, 800px\" \/><\/div><\/div><div class=\"w-vwrapper div-absolute align_none valign_top\"><div class=\"wpb_text_column us_custom_b9b06795 titulo-actividad has_text_color\"><div class=\"wpb_wrapper\"><p style=\"text-align: center;\"><strong>Castells<\/strong><\/p>\n<\/div><\/div><div class=\"w-hwrapper align_center valign_middle\" style=\"--hwrapper-gap:1.20rem\"><div class=\"wpb_text_column us_custom_4adbe676 distancia-activitat has_text_color\"><div class=\"wpb_wrapper\"><p><strong>A 68km<\/strong><\/p>\n<\/div><\/div><div class=\"w-image icons-activitats1 align_none\"><div class=\"w-image-h\"><img loading=\"lazy\" decoding=\"async\" width=\"512\" height=\"512\" src=\"https:\/\/campinglavall.net\/wp-content\/uploads\/2024\/01\/per-nens.png\" class=\"attachment-large size-large\" alt=\"\" srcset=\"https:\/\/campinglavall.net\/wp-content\/uploads\/2024\/01\/per-nens.png 512w, https:\/\/campinglavall.net\/wp-content\/uploads\/2024\/01\/per-nens-300x300.png 300w, https:\/\/campinglavall.net\/wp-content\/uploads\/2024\/01\/per-nens-150x150.png 150w\" sizes=\"auto, (max-width: 512px) 100vw, 512px\" \/><\/div><\/div><div class=\"w-image icons-activitats2 align_none\"><div class=\"w-image-h\"><img loading=\"lazy\" decoding=\"async\" width=\"512\" height=\"512\" src=\"https:\/\/campinglavall.net\/wp-content\/uploads\/2024\/01\/en-cotxe-1.png\" class=\"attachment-large size-large\" alt=\"\" srcset=\"https:\/\/campinglavall.net\/wp-content\/uploads\/2024\/01\/en-cotxe-1.png 512w, https:\/\/campinglavall.net\/wp-content\/uploads\/2024\/01\/en-cotxe-1-300x300.png 300w, https:\/\/campinglavall.net\/wp-content\/uploads\/2024\/01\/en-cotxe-1-150x150.png 150w\" sizes=\"auto, (max-width: 512px) 100vw, 512px\" \/><\/div><\/div><\/div><\/div><\/div><\/div><div class=\"wpb_column vc_column_container div-overlay\"><div class=\"vc_column-overlay\" style=\"background:linear-gradient(180deg,rgba(26,26,26,0.6),rgba(0,0,0,0.85))\"><\/div><div class=\"vc_column-inner\"><div class=\"w-image align_none\"><div class=\"w-image-h\"><img loading=\"lazy\" decoding=\"async\" width=\"800\" height=\"535\" src=\"https:\/\/campinglavall.net\/wp-content\/uploads\/2024\/01\/Gorga-del-diable-3.jpg\" class=\"attachment-large size-large\" alt=\"\" srcset=\"https:\/\/campinglavall.net\/wp-content\/uploads\/2024\/01\/Gorga-del-diable-3.jpg 800w, https:\/\/campinglavall.net\/wp-content\/uploads\/2024\/01\/Gorga-del-diable-3-300x201.jpg 300w\" sizes=\"auto, (max-width: 800px) 100vw, 800px\" \/><\/div><\/div><div class=\"w-vwrapper div-absolute align_none valign_top\"><div class=\"wpb_text_column us_custom_b9b06795 titulo-actividad has_text_color\"><div class=\"wpb_wrapper\"><p style=\"text-align: center;\"><strong>La gorga del diable<\/strong><\/p>\n<\/div><\/div><div class=\"w-hwrapper align_center valign_middle\" style=\"--hwrapper-gap:1.20rem\"><div class=\"wpb_text_column us_custom_4adbe676 distancia-activitat has_text_color\"><div class=\"wpb_wrapper\"><p><strong>A 3km<\/strong><\/p>\n<\/div><\/div><div class=\"w-image icons-activitats1 align_none\"><div class=\"w-image-h\"><img loading=\"lazy\" decoding=\"async\" width=\"512\" height=\"512\" src=\"https:\/\/campinglavall.net\/wp-content\/uploads\/2024\/01\/per-nens.png\" class=\"attachment-large size-large\" alt=\"\" srcset=\"https:\/\/campinglavall.net\/wp-content\/uploads\/2024\/01\/per-nens.png 512w, https:\/\/campinglavall.net\/wp-content\/uploads\/2024\/01\/per-nens-300x300.png 300w, https:\/\/campinglavall.net\/wp-content\/uploads\/2024\/01\/per-nens-150x150.png 150w\" sizes=\"auto, (max-width: 512px) 100vw, 512px\" \/><\/div><\/div><div class=\"w-image icons-activitats2 align_none\"><div class=\"w-image-h\"><img loading=\"lazy\" decoding=\"async\" width=\"512\" height=\"512\" src=\"https:\/\/campinglavall.net\/wp-content\/uploads\/2024\/01\/en-cotxe-1.png\" class=\"attachment-large size-large\" alt=\"\" srcset=\"https:\/\/campinglavall.net\/wp-content\/uploads\/2024\/01\/en-cotxe-1.png 512w, https:\/\/campinglavall.net\/wp-content\/uploads\/2024\/01\/en-cotxe-1-300x300.png 300w, https:\/\/campinglavall.net\/wp-content\/uploads\/2024\/01\/en-cotxe-1-150x150.png 150w\" sizes=\"auto, (max-width: 512px) 100vw, 512px\" \/><\/div><\/div><\/div><\/div><\/div><\/div><div class=\"wpb_column vc_column_container div-overlay\"><div class=\"vc_column-overlay\" style=\"background:linear-gradient(180deg,rgba(26,26,26,0.6),rgba(0,0,0,0.85))\"><\/div><div class=\"vc_column-inner\"><div class=\"w-image align_none\"><div class=\"w-image-h\"><img loading=\"lazy\" decoding=\"async\" width=\"800\" height=\"535\" src=\"https:\/\/campinglavall.net\/wp-content\/uploads\/2024\/01\/Gorgues-Sant-Miquel-de-Campmajor.jpg\" class=\"attachment-large size-large\" alt=\"\" srcset=\"https:\/\/campinglavall.net\/wp-content\/uploads\/2024\/01\/Gorgues-Sant-Miquel-de-Campmajor.jpg 800w, https:\/\/campinglavall.net\/wp-content\/uploads\/2024\/01\/Gorgues-Sant-Miquel-de-Campmajor-300x201.jpg 300w\" sizes=\"auto, (max-width: 800px) 100vw, 800px\" \/><\/div><\/div><div class=\"w-vwrapper div-absolute align_none valign_top\"><div class=\"wpb_text_column us_custom_b9b06795 titulo-actividad has_text_color\"><div class=\"wpb_wrapper\"><p style=\"text-align: center;\"><strong>La resclosa<\/strong><\/p>\n<\/div><\/div><div class=\"w-hwrapper align_center valign_middle\" style=\"--hwrapper-gap:1.20rem\"><div class=\"wpb_text_column us_custom_4adbe676 distancia-activitat has_text_color\"><div class=\"wpb_wrapper\"><p><strong>A 200m<\/strong><\/p>\n<\/div><\/div><div class=\"w-image icons-activitats1 align_none\"><div class=\"w-image-h\"><img loading=\"lazy\" decoding=\"async\" width=\"512\" height=\"512\" src=\"https:\/\/campinglavall.net\/wp-content\/uploads\/2024\/01\/per-nens.png\" class=\"attachment-large size-large\" alt=\"\" srcset=\"https:\/\/campinglavall.net\/wp-content\/uploads\/2024\/01\/per-nens.png 512w, https:\/\/campinglavall.net\/wp-content\/uploads\/2024\/01\/per-nens-300x300.png 300w, https:\/\/campinglavall.net\/wp-content\/uploads\/2024\/01\/per-nens-150x150.png 150w\" sizes=\"auto, (max-width: 512px) 100vw, 512px\" \/><\/div><\/div><div class=\"w-image icons-activitats2 align_none\"><div class=\"w-image-h\"><img loading=\"lazy\" decoding=\"async\" width=\"512\" height=\"512\" src=\"https:\/\/campinglavall.net\/wp-content\/uploads\/2024\/01\/en-cotxe-1.png\" class=\"attachment-large size-large\" alt=\"\" srcset=\"https:\/\/campinglavall.net\/wp-content\/uploads\/2024\/01\/en-cotxe-1.png 512w, https:\/\/campinglavall.net\/wp-content\/uploads\/2024\/01\/en-cotxe-1-300x300.png 300w, https:\/\/campinglavall.net\/wp-content\/uploads\/2024\/01\/en-cotxe-1-150x150.png 150w\" sizes=\"auto, (max-width: 512px) 100vw, 512px\" \/><\/div><\/div><\/div><\/div><\/div><\/div><\/div><div class=\"w-separator size_small\"><\/div><div class=\"g-cols wpb_row via_grid cols_4 laptops-cols_inherit tablets-cols_inherit mobiles-cols_1 valign_top type_default stacking_default\" style=\"grid-gap:1rem;\"><div class=\"wpb_column vc_column_container div-overlay\"><div class=\"vc_column-overlay\" style=\"background:linear-gradient(180deg,rgba(26,26,26,0.6),rgba(0,0,0,0.85))\"><\/div><div class=\"vc_column-inner\"><div class=\"w-image align_none\"><div class=\"w-image-h\"><img loading=\"lazy\" decoding=\"async\" width=\"800\" height=\"535\" src=\"https:\/\/campinglavall.net\/wp-content\/uploads\/2024\/01\/gorga-del-batlle.jpg\" class=\"attachment-large size-large\" alt=\"\" srcset=\"https:\/\/campinglavall.net\/wp-content\/uploads\/2024\/01\/gorga-del-batlle.jpg 800w, https:\/\/campinglavall.net\/wp-content\/uploads\/2024\/01\/gorga-del-batlle-300x201.jpg 300w\" sizes=\"auto, (max-width: 800px) 100vw, 800px\" \/><\/div><\/div><div class=\"w-vwrapper div-absolute align_none valign_top\"><div class=\"wpb_text_column us_custom_b9b06795 titulo-actividad has_text_color\"><div class=\"wpb_wrapper\"><p style=\"text-align: center;\"><strong>La gorga del batlle<\/strong><\/p>\n<\/div><\/div><div class=\"w-hwrapper align_center valign_middle\" style=\"--hwrapper-gap:1.20rem\"><div class=\"wpb_text_column us_custom_4adbe676 distancia-activitat has_text_color\"><div class=\"wpb_wrapper\"><p><strong>A 9km<\/strong><\/p>\n<\/div><\/div><div class=\"w-image icons-activitats1 align_none\"><div class=\"w-image-h\"><img loading=\"lazy\" decoding=\"async\" width=\"512\" height=\"512\" src=\"https:\/\/campinglavall.net\/wp-content\/uploads\/2024\/01\/per-nens.png\" class=\"attachment-large size-large\" alt=\"\" srcset=\"https:\/\/campinglavall.net\/wp-content\/uploads\/2024\/01\/per-nens.png 512w, https:\/\/campinglavall.net\/wp-content\/uploads\/2024\/01\/per-nens-300x300.png 300w, https:\/\/campinglavall.net\/wp-content\/uploads\/2024\/01\/per-nens-150x150.png 150w\" sizes=\"auto, (max-width: 512px) 100vw, 512px\" \/><\/div><\/div><div class=\"w-image icons-activitats2 align_none\"><div class=\"w-image-h\"><img loading=\"lazy\" decoding=\"async\" width=\"512\" height=\"512\" src=\"https:\/\/campinglavall.net\/wp-content\/uploads\/2024\/01\/en-cotxe-1.png\" class=\"attachment-large size-large\" alt=\"\" srcset=\"https:\/\/campinglavall.net\/wp-content\/uploads\/2024\/01\/en-cotxe-1.png 512w, https:\/\/campinglavall.net\/wp-content\/uploads\/2024\/01\/en-cotxe-1-300x300.png 300w, https:\/\/campinglavall.net\/wp-content\/uploads\/2024\/01\/en-cotxe-1-150x150.png 150w\" sizes=\"auto, (max-width: 512px) 100vw, 512px\" \/><\/div><\/div><\/div><\/div><\/div><\/div><div class=\"wpb_column vc_column_container div-overlay\"><div class=\"vc_column-overlay\" style=\"background:linear-gradient(180deg,rgba(26,26,26,0.6),rgba(0,0,0,0.85))\"><\/div><div class=\"vc_column-inner\"><div class=\"w-image align_none\"><div class=\"w-image-h\"><img loading=\"lazy\" decoding=\"async\" width=\"800\" height=\"535\" src=\"https:\/\/campinglavall.net\/wp-content\/uploads\/2024\/01\/la-caseta-de-fusta.jpg\" class=\"attachment-large size-large\" alt=\"\" srcset=\"https:\/\/campinglavall.net\/wp-content\/uploads\/2024\/01\/la-caseta-de-fusta.jpg 800w, https:\/\/campinglavall.net\/wp-content\/uploads\/2024\/01\/la-caseta-de-fusta-300x201.jpg 300w\" sizes=\"auto, (max-width: 800px) 100vw, 800px\" \/><\/div><\/div><div class=\"w-vwrapper div-absolute align_none valign_top\"><div class=\"wpb_text_column us_custom_b9b06795 titulo-actividad has_text_color\"><div class=\"wpb_wrapper\"><p style=\"text-align: center;\"><strong>La caseta de fusta<\/strong><\/p>\n<\/div><\/div><div class=\"w-hwrapper align_center valign_middle\" style=\"--hwrapper-gap:1.20rem\"><div class=\"wpb_text_column us_custom_4adbe676 distancia-activitat has_text_color\"><div class=\"wpb_wrapper\"><p><strong>A 9km<\/strong><\/p>\n<\/div><\/div><div class=\"w-image icons-activitats1 align_none\"><div class=\"w-image-h\"><img loading=\"lazy\" decoding=\"async\" width=\"512\" height=\"512\" src=\"https:\/\/campinglavall.net\/wp-content\/uploads\/2024\/01\/per-nens.png\" class=\"attachment-large size-large\" alt=\"\" srcset=\"https:\/\/campinglavall.net\/wp-content\/uploads\/2024\/01\/per-nens.png 512w, https:\/\/campinglavall.net\/wp-content\/uploads\/2024\/01\/per-nens-300x300.png 300w, https:\/\/campinglavall.net\/wp-content\/uploads\/2024\/01\/per-nens-150x150.png 150w\" sizes=\"auto, (max-width: 512px) 100vw, 512px\" \/><\/div><\/div><div class=\"w-image icons-activitats2 align_none\"><div class=\"w-image-h\"><img loading=\"lazy\" decoding=\"async\" width=\"512\" height=\"512\" src=\"https:\/\/campinglavall.net\/wp-content\/uploads\/2024\/01\/en-cotxe-1.png\" class=\"attachment-large size-large\" alt=\"\" srcset=\"https:\/\/campinglavall.net\/wp-content\/uploads\/2024\/01\/en-cotxe-1.png 512w, https:\/\/campinglavall.net\/wp-content\/uploads\/2024\/01\/en-cotxe-1-300x300.png 300w, https:\/\/campinglavall.net\/wp-content\/uploads\/2024\/01\/en-cotxe-1-150x150.png 150w\" sizes=\"auto, (max-width: 512px) 100vw, 512px\" \/><\/div><\/div><\/div><\/div><\/div><\/div><\/div><div class=\"g-cols wpb_row section-title via_grid cols_1 laptops-cols_inherit tablets-cols_inherit mobiles-cols_1 valign_top type_default stacking_default\"><div class=\"wpb_column vc_column_container\"><div class=\"vc_column-inner\"><div class=\"wpb_text_column\"><div class=\"wpb_wrapper\"><p style=\"text-align: center;\">Eco vacaciones<\/p>\n<\/div><\/div><\/div><\/div><\/div><div class=\"g-cols wpb_row via_grid cols_4 laptops-cols_inherit tablets-cols_inherit mobiles-cols_1 valign_top type_default stacking_default\" style=\"grid-gap:1rem;\"><div class=\"wpb_column vc_column_container div-overlay\"><div class=\"vc_column-overlay\" style=\"background:linear-gradient(180deg,rgba(26,26,26,0.6),rgba(0,0,0,0.85))\"><\/div><div class=\"vc_column-inner\"><div class=\"w-image align_none\"><div class=\"w-image-h\"><img loading=\"lazy\" decoding=\"async\" width=\"800\" height=\"535\" src=\"https:\/\/campinglavall.net\/wp-content\/uploads\/2024\/02\/ANEM-A-BUSCAR-ELS-OUS-AL-GALLINER.jpg\" class=\"attachment-large size-large\" alt=\"\" srcset=\"https:\/\/campinglavall.net\/wp-content\/uploads\/2024\/02\/ANEM-A-BUSCAR-ELS-OUS-AL-GALLINER.jpg 800w, https:\/\/campinglavall.net\/wp-content\/uploads\/2024\/02\/ANEM-A-BUSCAR-ELS-OUS-AL-GALLINER-300x201.jpg 300w\" sizes=\"auto, (max-width: 800px) 100vw, 800px\" \/><\/div><\/div><div class=\"w-vwrapper div-absolute align_none valign_top\"><div class=\"wpb_text_column us_custom_b9b06795 titulo-actividad has_text_color\"><div class=\"wpb_wrapper\"><p style=\"text-align: center;\"><strong>Vamos a buscar huevos en el gallinero<\/strong><\/p>\n<\/div><\/div><\/div><\/div><\/div><div class=\"wpb_column vc_column_container div-overlay\"><div class=\"vc_column-overlay\" style=\"background:linear-gradient(180deg,rgba(26,26,26,0.6),rgba(0,0,0,0.85))\"><\/div><div class=\"vc_column-inner\"><div class=\"w-image align_none\"><div class=\"w-image-h\"><img loading=\"lazy\" decoding=\"async\" width=\"800\" height=\"535\" src=\"https:\/\/campinglavall.net\/wp-content\/uploads\/2024\/02\/DONEM-MENJAR-ALS-CONILLS.jpg\" class=\"attachment-large size-large\" alt=\"\" srcset=\"https:\/\/campinglavall.net\/wp-content\/uploads\/2024\/02\/DONEM-MENJAR-ALS-CONILLS.jpg 800w, https:\/\/campinglavall.net\/wp-content\/uploads\/2024\/02\/DONEM-MENJAR-ALS-CONILLS-300x201.jpg 300w\" sizes=\"auto, (max-width: 800px) 100vw, 800px\" \/><\/div><\/div><div class=\"w-vwrapper div-absolute align_none valign_top\"><div class=\"wpb_text_column us_custom_b9b06795 titulo-actividad has_text_color\"><div class=\"wpb_wrapper\"><p style=\"text-align: center;\"><strong>Vamos a dar de comer a los conejos<\/strong><\/p>\n<\/div><\/div><\/div><\/div><\/div><div class=\"wpb_column vc_column_container div-overlay\"><div class=\"vc_column-overlay\" style=\"background:linear-gradient(180deg,rgba(26,26,26,0.6),rgba(0,0,0,0.85))\"><\/div><div class=\"vc_column-inner\"><div class=\"w-image align_none\"><div class=\"w-image-h\"><img loading=\"lazy\" decoding=\"async\" width=\"800\" height=\"535\" src=\"https:\/\/campinglavall.net\/wp-content\/uploads\/2024\/02\/Fem-companyia-a-les-gallines.jpg\" class=\"attachment-large size-large\" alt=\"\" srcset=\"https:\/\/campinglavall.net\/wp-content\/uploads\/2024\/02\/Fem-companyia-a-les-gallines.jpg 800w, https:\/\/campinglavall.net\/wp-content\/uploads\/2024\/02\/Fem-companyia-a-les-gallines-300x201.jpg 300w\" sizes=\"auto, (max-width: 800px) 100vw, 800px\" \/><\/div><\/div><div class=\"w-vwrapper div-absolute align_none valign_top\"><div class=\"wpb_text_column us_custom_b9b06795 titulo-actividad has_text_color\"><div class=\"wpb_wrapper\"><p style=\"text-align: center;\"><strong>Hagamos compa\u00f1\u00eda a las gallinas<\/strong><\/p>\n<\/div><\/div><\/div><\/div><\/div><div class=\"wpb_column vc_column_container div-overlay\"><div class=\"vc_column-overlay\" style=\"background:linear-gradient(180deg,rgba(26,26,26,0.6),rgba(0,0,0,0.85))\"><\/div><div class=\"vc_column-inner\"><div class=\"w-image align_none\"><div class=\"w-image-h\"><img loading=\"lazy\" decoding=\"async\" width=\"800\" height=\"535\" src=\"https:\/\/campinglavall.net\/wp-content\/uploads\/2024\/02\/GRANS-I-PETITS-TOTS-A-CAVALL.jpg\" class=\"attachment-large size-large\" alt=\"\" srcset=\"https:\/\/campinglavall.net\/wp-content\/uploads\/2024\/02\/GRANS-I-PETITS-TOTS-A-CAVALL.jpg 800w, https:\/\/campinglavall.net\/wp-content\/uploads\/2024\/02\/GRANS-I-PETITS-TOTS-A-CAVALL-300x201.jpg 300w\" sizes=\"auto, (max-width: 800px) 100vw, 800px\" \/><\/div><\/div><div class=\"w-vwrapper div-absolute align_none valign_top\"><div class=\"wpb_text_column us_custom_b9b06795 titulo-actividad has_text_color\"><div class=\"wpb_wrapper\"><p style=\"text-align: center;\"><strong>Excursiones a caballo!<\/strong><\/p>\n<\/div><\/div><\/div><\/div><\/div><\/div><div class=\"w-separator size_small\"><\/div><div class=\"g-cols wpb_row via_grid cols_4 laptops-cols_inherit tablets-cols_inherit mobiles-cols_1 valign_top type_default stacking_default\" style=\"grid-gap:1rem;\"><div class=\"wpb_column vc_column_container div-overlay\"><div class=\"vc_column-overlay\" style=\"background:linear-gradient(180deg,rgba(26,26,26,0.6),rgba(0,0,0,0.85))\"><\/div><div class=\"vc_column-inner\"><div class=\"w-image align_none\"><div class=\"w-image-h\"><img loading=\"lazy\" decoding=\"async\" width=\"800\" height=\"535\" src=\"https:\/\/campinglavall.net\/wp-content\/uploads\/2024\/02\/EL-GALLINER-SEMPRE-IMNOTITZA.jpg\" class=\"attachment-large size-large\" alt=\"\" srcset=\"https:\/\/campinglavall.net\/wp-content\/uploads\/2024\/02\/EL-GALLINER-SEMPRE-IMNOTITZA.jpg 800w, https:\/\/campinglavall.net\/wp-content\/uploads\/2024\/02\/EL-GALLINER-SEMPRE-IMNOTITZA-300x201.jpg 300w\" sizes=\"auto, (max-width: 800px) 100vw, 800px\" \/><\/div><\/div><div class=\"w-vwrapper div-absolute align_none valign_top\"><div class=\"wpb_text_column us_custom_b9b06795 titulo-actividad has_text_color\"><div class=\"wpb_wrapper\"><p style=\"text-align: center;\"><strong>El gallinero siempre imnotitza&#8230;<\/strong><\/p>\n<\/div><\/div><\/div><\/div><\/div><div class=\"wpb_column vc_column_container div-overlay\"><div class=\"vc_column-overlay\" style=\"background:linear-gradient(180deg,rgba(26,26,26,0.6),rgba(0,0,0,0.85))\"><\/div><div class=\"vc_column-inner\"><div class=\"w-image align_none\"><div class=\"w-image-h\"><img loading=\"lazy\" decoding=\"async\" width=\"800\" height=\"535\" src=\"https:\/\/campinglavall.net\/wp-content\/uploads\/2024\/02\/venta-dous-eco-1.jpg\" class=\"attachment-large size-large\" alt=\"\" srcset=\"https:\/\/campinglavall.net\/wp-content\/uploads\/2024\/02\/venta-dous-eco-1.jpg 800w, https:\/\/campinglavall.net\/wp-content\/uploads\/2024\/02\/venta-dous-eco-1-300x201.jpg 300w\" sizes=\"auto, (max-width: 800px) 100vw, 800px\" \/><\/div><\/div><div class=\"w-vwrapper div-absolute align_none valign_top\"><div class=\"wpb_text_column us_custom_b9b06795 titulo-actividad has_text_color\"><div class=\"wpb_wrapper\"><p style=\"text-align: center;\"><strong>Venta de huevos ecol\u00f3gicos<\/strong><\/p>\n<\/div><\/div><\/div><\/div><\/div><div class=\"wpb_column vc_column_container div-overlay\"><div class=\"vc_column-overlay\" style=\"background:linear-gradient(180deg,rgba(26,26,26,0.6),rgba(0,0,0,0.85))\"><\/div><div class=\"vc_column-inner\"><div class=\"w-image align_none\"><div class=\"w-image-h\"><img loading=\"lazy\" decoding=\"async\" width=\"800\" height=\"535\" src=\"https:\/\/campinglavall.net\/wp-content\/uploads\/2024\/02\/tancat-amb-ponis-i-caballs-1.jpg\" class=\"attachment-large size-large\" alt=\"\" srcset=\"https:\/\/campinglavall.net\/wp-content\/uploads\/2024\/02\/tancat-amb-ponis-i-caballs-1.jpg 800w, https:\/\/campinglavall.net\/wp-content\/uploads\/2024\/02\/tancat-amb-ponis-i-caballs-1-300x201.jpg 300w\" sizes=\"auto, (max-width: 800px) 100vw, 800px\" \/><\/div><\/div><div class=\"w-vwrapper div-absolute align_none valign_top\"><div class=\"wpb_text_column us_custom_b9b06795 titulo-actividad has_text_color\"><div class=\"wpb_wrapper\"><p style=\"text-align: center;\"><strong>Cerrado con ponis y caballos<\/strong><\/p>\n<\/div><\/div><\/div><\/div><\/div><div class=\"wpb_column vc_column_container div-overlay\"><div class=\"vc_column-overlay\" style=\"background:linear-gradient(180deg,rgba(26,26,26,0.6),rgba(0,0,0,0.85))\"><\/div><div class=\"vc_column-inner\"><div class=\"w-image align_none\"><div class=\"w-image-h\"><img loading=\"lazy\" decoding=\"async\" width=\"800\" height=\"535\" src=\"https:\/\/campinglavall.net\/wp-content\/uploads\/2024\/02\/SI-TENS-MASCOTES-ELS-ENCANTARA-ELS-VOLTANTS.jpg\" class=\"attachment-large size-large\" alt=\"\" srcset=\"https:\/\/campinglavall.net\/wp-content\/uploads\/2024\/02\/SI-TENS-MASCOTES-ELS-ENCANTARA-ELS-VOLTANTS.jpg 800w, https:\/\/campinglavall.net\/wp-content\/uploads\/2024\/02\/SI-TENS-MASCOTES-ELS-ENCANTARA-ELS-VOLTANTS-300x201.jpg 300w\" sizes=\"auto, (max-width: 800px) 100vw, 800px\" \/><\/div><\/div><div class=\"w-vwrapper div-absolute align_none valign_top\"><div class=\"wpb_text_column us_custom_b9b06795 titulo-actividad has_text_color\"><div class=\"wpb_wrapper\"><p style=\"text-align: center;\"><strong>Las mascotas tambi\u00e9n disfrutan<\/strong><\/p>\n<\/div><\/div><\/div><\/div><\/div><\/div><div class=\"w-separator size_small\"><\/div><div class=\"g-cols wpb_row via_grid cols_4 laptops-cols_inherit tablets-cols_inherit mobiles-cols_1 valign_top type_default stacking_default\" style=\"grid-gap:1rem;\"><div class=\"wpb_column vc_column_container div-overlay\"><div class=\"vc_column-overlay\" style=\"background:linear-gradient(180deg,rgba(26,26,26,0.6),rgba(0,0,0,0.85))\"><\/div><div class=\"vc_column-inner\"><div class=\"w-image align_none\"><div class=\"w-image-h\"><img loading=\"lazy\" decoding=\"async\" width=\"800\" height=\"535\" src=\"https:\/\/campinglavall.net\/wp-content\/uploads\/2024\/02\/UN-ENTORN-VERD-TRANQUIL-I-ENCANTADOR.jpg\" class=\"attachment-large size-large\" alt=\"\" srcset=\"https:\/\/campinglavall.net\/wp-content\/uploads\/2024\/02\/UN-ENTORN-VERD-TRANQUIL-I-ENCANTADOR.jpg 800w, https:\/\/campinglavall.net\/wp-content\/uploads\/2024\/02\/UN-ENTORN-VERD-TRANQUIL-I-ENCANTADOR-300x201.jpg 300w\" sizes=\"auto, (max-width: 800px) 100vw, 800px\" \/><\/div><\/div><div class=\"w-vwrapper div-absolute align_none valign_top\"><div class=\"wpb_text_column us_custom_b9b06795 titulo-actividad has_text_color\"><div class=\"wpb_wrapper\"><p style=\"text-align: center;\"><strong>Un entorno verde encantador<\/strong><\/p>\n<\/div><\/div><\/div><\/div><\/div><div class=\"wpb_column vc_column_container div-overlay\"><div class=\"vc_column-overlay\" style=\"background:linear-gradient(180deg,rgba(26,26,26,0.6),rgba(0,0,0,0.85))\"><\/div><div class=\"vc_column-inner\"><div class=\"w-image align_none\"><div class=\"w-image-h\"><img loading=\"lazy\" decoding=\"async\" width=\"800\" height=\"535\" src=\"https:\/\/campinglavall.net\/wp-content\/uploads\/2024\/02\/piscines-aigua-salada-1.jpg\" class=\"attachment-large size-large\" alt=\"\" srcset=\"https:\/\/campinglavall.net\/wp-content\/uploads\/2024\/02\/piscines-aigua-salada-1.jpg 800w, https:\/\/campinglavall.net\/wp-content\/uploads\/2024\/02\/piscines-aigua-salada-1-300x201.jpg 300w\" sizes=\"auto, (max-width: 800px) 100vw, 800px\" \/><\/div><\/div><div class=\"w-vwrapper div-absolute align_none valign_top\"><div class=\"wpb_text_column us_custom_b9b06795 titulo-actividad has_text_color\"><div class=\"wpb_wrapper\"><p style=\"text-align: center;\"><strong>Piscinas de agua salada<\/strong><\/p>\n<\/div><\/div><\/div><\/div><\/div><div class=\"wpb_column vc_column_container div-overlay\"><div class=\"vc_column-overlay\" style=\"background:linear-gradient(180deg,rgba(26,26,26,0.6),rgba(0,0,0,0.85))\"><\/div><div class=\"vc_column-inner\"><div class=\"w-image align_none\"><div class=\"w-image-h\"><img loading=\"lazy\" decoding=\"async\" width=\"800\" height=\"535\" src=\"https:\/\/campinglavall.net\/wp-content\/uploads\/2024\/02\/descans.jpg\" class=\"attachment-large size-large\" alt=\"\" srcset=\"https:\/\/campinglavall.net\/wp-content\/uploads\/2024\/02\/descans.jpg 800w, https:\/\/campinglavall.net\/wp-content\/uploads\/2024\/02\/descans-300x201.jpg 300w\" sizes=\"auto, (max-width: 800px) 100vw, 800px\" \/><\/div><\/div><div class=\"w-vwrapper div-absolute align_none valign_top\"><div class=\"wpb_text_column us_custom_b9b06795 titulo-actividad has_text_color\"><div class=\"wpb_wrapper\"><p style=\"text-align: center;\"><strong>Descanso, descanso, descanso&#8230;<\/strong><\/p>\n<\/div><\/div><\/div><\/div><\/div><div class=\"wpb_column vc_column_container div-overlay\"><div class=\"vc_column-overlay\" style=\"background:linear-gradient(180deg,rgba(26,26,26,0.6),rgba(0,0,0,0.85))\"><\/div><div class=\"vc_column-inner\"><div class=\"w-image align_none\"><div class=\"w-image-h\"><img loading=\"lazy\" decoding=\"async\" width=\"800\" height=\"535\" src=\"https:\/\/campinglavall.net\/wp-content\/uploads\/2024\/02\/UNA-RECEPTA-GENTILESA-DE-LA-CASA.jpg\" class=\"attachment-large size-large\" alt=\"\" srcset=\"https:\/\/campinglavall.net\/wp-content\/uploads\/2024\/02\/UNA-RECEPTA-GENTILESA-DE-LA-CASA.jpg 800w, https:\/\/campinglavall.net\/wp-content\/uploads\/2024\/02\/UNA-RECEPTA-GENTILESA-DE-LA-CASA-300x201.jpg 300w\" sizes=\"auto, (max-width: 800px) 100vw, 800px\" \/><\/div><\/div><div class=\"w-vwrapper div-absolute align_none valign_top\"><div class=\"wpb_text_column us_custom_b9b06795 titulo-actividad has_text_color\"><div class=\"wpb_wrapper\"><p style=\"text-align: center;\"><strong>Receta cortes\u00eda de la casa<\/strong><\/p>\n<\/div><\/div><\/div><\/div><\/div><\/div><\/div><\/div><\/div><\/div><\/section>\n","protected":false},"excerpt":{"rendered":"","protected":false},"author":1,"featured_media":0,"parent":0,"menu_order":0,"comment_status":"closed","ping_status":"closed","template":"","meta":{"footnotes":""},"class_list":["post-3599","page","type-page","status-publish","hentry"],"yoast_head":"<!-- This site is optimized with the Yoast SEO plugin v27.1.1 - https:\/\/yoast.com\/product\/yoast-seo-wordpress\/ -->\n<title>Actividades y entorno - Camping La Vall<\/title>\n<meta name=\"robots\" content=\"index, follow, max-snippet:-1, max-image-preview:large, max-video-preview:-1\" \/>\n<link rel=\"canonical\" href=\"https:\/\/campinglavall.net\/es\/actividades-y-entorno\/\" \/>\n<meta property=\"og:locale\" content=\"es_ES\" \/>\n<meta property=\"og:type\" content=\"article\" \/>\n<meta property=\"og:title\" content=\"Actividades y entorno - Camping La Vall\" \/>\n<meta property=\"og:url\" content=\"https:\/\/campinglavall.net\/es\/actividades-y-entorno\/\" \/>\n<meta property=\"og:site_name\" content=\"Camping La Vall\" \/>\n<meta property=\"article:modified_time\" content=\"2024-10-10T06:53:31+00:00\" \/>\n<meta name=\"twitter:card\" content=\"summary_large_image\" \/>\n<meta name=\"twitter:label1\" content=\"Tiempo de lectura\" \/>\n\t<meta name=\"twitter:data1\" content=\"8 minutos\" \/>\n<script type=\"application\/ld+json\" class=\"yoast-schema-graph\">{\"@context\":\"https:\/\/schema.org\",\"@graph\":[{\"@type\":\"WebPage\",\"@id\":\"https:\/\/campinglavall.net\/es\/actividades-y-entorno\/\",\"url\":\"https:\/\/campinglavall.net\/es\/actividades-y-entorno\/\",\"name\":\"Actividades y entorno - Camping La Vall\",\"isPartOf\":{\"@id\":\"https:\/\/campinglavall.net\/es\/#website\"},\"datePublished\":\"2024-01-25T19:14:09+00:00\",\"dateModified\":\"2024-10-10T06:53:31+00:00\",\"breadcrumb\":{\"@id\":\"https:\/\/campinglavall.net\/es\/actividades-y-entorno\/#breadcrumb\"},\"inLanguage\":\"es\",\"potentialAction\":[{\"@type\":\"ReadAction\",\"target\":[\"https:\/\/campinglavall.net\/es\/actividades-y-entorno\/\"]}]},{\"@type\":\"BreadcrumbList\",\"@id\":\"https:\/\/campinglavall.net\/es\/actividades-y-entorno\/#breadcrumb\",\"itemListElement\":[{\"@type\":\"ListItem\",\"position\":1,\"name\":\"Portada\",\"item\":\"https:\/\/campinglavall.net\/es\/\"},{\"@type\":\"ListItem\",\"position\":2,\"name\":\"Actividades y entorno\"}]},{\"@type\":\"WebSite\",\"@id\":\"https:\/\/campinglavall.net\/es\/#website\",\"url\":\"https:\/\/campinglavall.net\/es\/\",\"name\":\"Camping La Vall\",\"description\":\"\",\"potentialAction\":[{\"@type\":\"SearchAction\",\"target\":{\"@type\":\"EntryPoint\",\"urlTemplate\":\"https:\/\/campinglavall.net\/es\/?s={search_term_string}\"},\"query-input\":{\"@type\":\"PropertyValueSpecification\",\"valueRequired\":true,\"valueName\":\"search_term_string\"}}],\"inLanguage\":\"es\"}]}<\/script>\n<!-- \/ Yoast SEO plugin. -->","yoast_head_json":{"title":"Actividades y entorno - Camping La Vall","robots":{"index":"index","follow":"follow","max-snippet":"max-snippet:-1","max-image-preview":"max-image-preview:large","max-video-preview":"max-video-preview:-1"},"canonical":"https:\/\/campinglavall.net\/es\/actividades-y-entorno\/","og_locale":"es_ES","og_type":"article","og_title":"Actividades y entorno - Camping La Vall","og_url":"https:\/\/campinglavall.net\/es\/actividades-y-entorno\/","og_site_name":"Camping La Vall","article_modified_time":"2024-10-10T06:53:31+00:00","twitter_card":"summary_large_image","twitter_misc":{"Tiempo de lectura":"8 minutos"},"schema":{"@context":"https:\/\/schema.org","@graph":[{"@type":"WebPage","@id":"https:\/\/campinglavall.net\/es\/actividades-y-entorno\/","url":"https:\/\/campinglavall.net\/es\/actividades-y-entorno\/","name":"Actividades y entorno - Camping La Vall","isPartOf":{"@id":"https:\/\/campinglavall.net\/es\/#website"},"datePublished":"2024-01-25T19:14:09+00:00","dateModified":"2024-10-10T06:53:31+00:00","breadcrumb":{"@id":"https:\/\/campinglavall.net\/es\/actividades-y-entorno\/#breadcrumb"},"inLanguage":"es","potentialAction":[{"@type":"ReadAction","target":["https:\/\/campinglavall.net\/es\/actividades-y-entorno\/"]}]},{"@type":"BreadcrumbList","@id":"https:\/\/campinglavall.net\/es\/actividades-y-entorno\/#breadcrumb","itemListElement":[{"@type":"ListItem","position":1,"name":"Portada","item":"https:\/\/campinglavall.net\/es\/"},{"@type":"ListItem","position":2,"name":"Actividades y entorno"}]},{"@type":"WebSite","@id":"https:\/\/campinglavall.net\/es\/#website","url":"https:\/\/campinglavall.net\/es\/","name":"Camping La Vall","description":"","potentialAction":[{"@type":"SearchAction","target":{"@type":"EntryPoint","urlTemplate":"https:\/\/campinglavall.net\/es\/?s={search_term_string}"},"query-input":{"@type":"PropertyValueSpecification","valueRequired":true,"valueName":"search_term_string"}}],"inLanguage":"es"}]}},"_links":{"self":[{"href":"https:\/\/campinglavall.net\/es\/wp-json\/wp\/v2\/pages\/3599","targetHints":{"allow":["GET"]}}],"collection":[{"href":"https:\/\/campinglavall.net\/es\/wp-json\/wp\/v2\/pages"}],"about":[{"href":"https:\/\/campinglavall.net\/es\/wp-json\/wp\/v2\/types\/page"}],"author":[{"embeddable":true,"href":"https:\/\/campinglavall.net\/es\/wp-json\/wp\/v2\/users\/1"}],"replies":[{"embeddable":true,"href":"https:\/\/campinglavall.net\/es\/wp-json\/wp\/v2\/comments?post=3599"}],"version-history":[{"count":18,"href":"https:\/\/campinglavall.net\/es\/wp-json\/wp\/v2\/pages\/3599\/revisions"}],"predecessor-version":[{"id":6240,"href":"https:\/\/campinglavall.net\/es\/wp-json\/wp\/v2\/pages\/3599\/revisions\/6240"}],"wp:attachment":[{"href":"https:\/\/campinglavall.net\/es\/wp-json\/wp\/v2\/media?parent=3599"}],"curies":[{"name":"wp","href":"https:\/\/api.w.org\/{rel}","templated":true}]}}