{"id":6228,"date":"2024-10-09T07:08:39","date_gmt":"2024-10-09T07:08:39","guid":{"rendered":"https:\/\/campinglavall.net\/?page_id=6228"},"modified":"2024-11-13T12:27:35","modified_gmt":"2024-11-13T12:27:35","slug":"politica-de-proteccion-de-datos","status":"publish","type":"page","link":"https:\/\/campinglavall.net\/es\/politica-de-proteccion-de-datos\/","title":{"rendered":"Pol\u00edtica de protecci\u00f3n de datos"},"content":{"rendered":"<h3><strong>Pol\u00edtica de protecci\u00f3n de datos<\/strong><\/h3>\n<p>CAMPINGLAVALLDECAMPMAJOR se compromete a proteger la privacidad de los usuarios que accedan a esta web y\/o cualquiera de sus servicios. La utilizaci\u00f3n de la web y\/o de cualquiera de los servicios ofrecidos por CAMPINGLAVALLDECAMPMAJOR implica la aceptaci\u00f3n por el usuario de las disposiciones contenidas en la presente Pol\u00edtica de Privacidad y que sus datos personales sean tratados seg\u00fan se estipula en ella. Por favor, tenga en cuenta que a pesar de que pueda haber enlaces de nuestra web a otras webs o redes sociales, esta Pol\u00edtica de Privacidad no se aplica a las webs de otras compa\u00f1\u00edas u organizaciones a las que la web est\u00e9 redirigida. CAMPINGLAVALLDECAMPMAJOR no controla el contenido de las webs de terceros, ni acepta cualquier responsabilidad por el contenido o las pol\u00edticas de privacidad de estas webs.<\/p>\n<h4><strong>Informaci\u00f3n b\u00e1sica sobre el tratamiento de datos (Reglamento (UE) 2016\/679 y LO 3\/2018)<\/strong><\/h4>\n<ul>\n<li><strong>Responsable del tratamiento:<\/strong> CAMPINGLAVALLDECAMPMAJOR.<\/li>\n<li><strong>Finalidad del tratamiento:<\/strong> Ofrecer y gestionar nuestros productos y\/o servicios.<\/li>\n<li><strong>Legitimaci\u00f3n:<\/strong> Consentimiento del interesado. Ejecuci\u00f3n del contrato de servicios.<\/li>\n<li><strong>Destinatarios:<\/strong> Los datos no ser\u00e1n comunicados a terceros, salvo que lo exija una ley o sea necesario para cumplir con la finalidad del tratamiento.<\/li>\n<li><strong>Derechos de las personas:<\/strong> Los interesados pueden ejercer derechos de acceso, rectificaci\u00f3n, limitaci\u00f3n de tratamiento, supresi\u00f3n, portabilidad y oposici\u00f3n, enviando una solicitud a nuestra direcci\u00f3n.<\/li>\n<li><strong>Plazo de conservaci\u00f3n de los datos:<\/strong> Mientras dure la relaci\u00f3n comercial o durante los a\u00f1os necesarios para cumplir con las obligaciones legales.<\/li>\n<li><strong>Reclamaci\u00f3n:<\/strong> Los interesados pueden dirigirse a la AEPD para presentar la reclamaci\u00f3n que consideren oportuna.<\/li>\n<li><strong>Informaci\u00f3n adicional:<\/strong> Puede consultar m\u00e1s informaci\u00f3n detallada en la secci\u00f3n \u201cPreguntas sobre privacidad\u201d.<\/li>\n<\/ul>\n<h4><strong>Preguntas sobre privacidad<\/strong><\/h4>\n<p>En cumplimiento del Reglamento (UE) 2016\/679 y la Ley Org\u00e1nica 3\/2018, le ofrecemos la siguiente informaci\u00f3n:<\/p>\n<p><strong>\u00bfQui\u00e9n es el responsable del tratamiento de sus datos?<\/strong><br \/>\nCAMPINGLAVALLDECAMPMAJOR. Nuestros datos figuran en el aviso legal de esta web.<\/p>\n<p><strong>\u00bfCon qu\u00e9 finalidad tratamos sus datos personales?<\/strong><br \/>\nTratamos sus datos para prestar y facturar nuestros servicios y productos. Con su consentimiento, tambi\u00e9n podemos enviarle informaci\u00f3n sobre nuestras actividades, servicios y productos. Si participa en sorteos, publicaremos su nombre, apellidos e imagen en medios de difusi\u00f3n.<\/p>\n<p><strong>\u00bfCu\u00e1nto tiempo conservaremos sus datos?<\/strong><br \/>\nSe mantendr\u00e1n mientras use nuestros servicios o desee recibir informaci\u00f3n.<\/p>\n<p><strong>\u00bfCu\u00e1l es la legitimaci\u00f3n para el tratamiento de sus datos?<\/strong><br \/>\nEl consentimiento proporcionado por el interesado.<\/p>\n<p><strong>\u00bfA qu\u00e9 destinatarios se comunicar\u00e1n sus datos?<\/strong><br \/>\nLos datos no se comunicar\u00e1n a terceros, salvo por exigencia legal.<\/p>\n<p><strong>\u00bfCu\u00e1les son sus derechos?<\/strong><br \/>\nAcceso, rectificaci\u00f3n, supresi\u00f3n, limitaci\u00f3n, oposici\u00f3n y portabilidad de sus datos.<\/p>\n<p><strong>\u00bfC\u00f3mo puede ejercer sus derechos?<\/strong><br \/>\nEnviando una solicitud con copia de su documento de identidad a nuestra direcci\u00f3n f\u00edsica o electr\u00f3nica.<\/p>\n<p><strong>\u00bfC\u00f3mo hemos obtenido sus datos?<\/strong><br \/>\nDel propio interesado.<\/p>\n<p><strong>\u00bfUsamos cookies?<\/strong><br \/>\nS\u00ed, con consentimiento informado. Puede configurar su navegador para evitarlas.<\/p>\n<p><strong>\u00bfQu\u00e9 medidas de seguridad aplicamos?<\/strong><br \/>\nLas establecidas en el art\u00edculo 32 del RGPD, garantizando la confidencialidad, integridad y disponibilidad de los datos.<\/p>\n","protected":false},"excerpt":{"rendered":"<p>Pol\u00edtica de protecci\u00f3n de datos CAMPINGLAVALLDECAMPMAJOR se compromete a proteger la privacidad de los usuarios que accedan a esta web y\/o cualquiera de sus servicios. La utilizaci\u00f3n de la web y\/o de cualquiera de los servicios ofrecidos por CAMPINGLAVALLDECAMPMAJOR implica la aceptaci\u00f3n por el usuario de las disposiciones contenidas en la presente Pol\u00edtica de Privacidad&#8230;<\/p>\n","protected":false},"author":1,"featured_media":0,"parent":0,"menu_order":0,"comment_status":"closed","ping_status":"closed","template":"","meta":{"footnotes":""},"class_list":["post-6228","page","type-page","status-publish","hentry"],"yoast_head":"<!-- This site is optimized with the Yoast SEO plugin v27.1.1 - https:\/\/yoast.com\/product\/yoast-seo-wordpress\/ -->\n<title>Pol\u00edtica de protecci\u00f3n de datos - Camping La Vall<\/title>\n<meta name=\"robots\" content=\"index, follow, max-snippet:-1, max-image-preview:large, max-video-preview:-1\" \/>\n<link rel=\"canonical\" href=\"https:\/\/campinglavall.net\/es\/politica-de-proteccion-de-datos\/\" \/>\n<meta property=\"og:locale\" content=\"es_ES\" \/>\n<meta property=\"og:type\" content=\"article\" \/>\n<meta property=\"og:title\" content=\"Pol\u00edtica de protecci\u00f3n de datos - Camping La Vall\" \/>\n<meta property=\"og:description\" content=\"Pol\u00edtica de protecci\u00f3n de datos CAMPINGLAVALLDECAMPMAJOR se compromete a proteger la privacidad de los usuarios que accedan a esta web y\/o cualquiera de sus servicios. La utilizaci\u00f3n de la web y\/o de cualquiera de los servicios ofrecidos por CAMPINGLAVALLDECAMPMAJOR implica la aceptaci\u00f3n por el usuario de las disposiciones contenidas en la presente Pol\u00edtica de Privacidad...\" \/>\n<meta property=\"og:url\" content=\"https:\/\/campinglavall.net\/es\/politica-de-proteccion-de-datos\/\" \/>\n<meta property=\"og:site_name\" content=\"Camping La Vall\" \/>\n<meta property=\"article:modified_time\" content=\"2024-11-13T12:27:35+00:00\" \/>\n<meta name=\"twitter:card\" content=\"summary_large_image\" \/>\n<meta name=\"twitter:label1\" content=\"Tiempo de lectura\" \/>\n\t<meta name=\"twitter:data1\" content=\"3 minutos\" \/>\n<script type=\"application\/ld+json\" class=\"yoast-schema-graph\">{\"@context\":\"https:\/\/schema.org\",\"@graph\":[{\"@type\":\"WebPage\",\"@id\":\"https:\/\/campinglavall.net\/es\/politica-de-proteccion-de-datos\/\",\"url\":\"https:\/\/campinglavall.net\/es\/politica-de-proteccion-de-datos\/\",\"name\":\"Pol\u00edtica de protecci\u00f3n de datos - Camping La Vall\",\"isPartOf\":{\"@id\":\"https:\/\/campinglavall.net\/es\/#website\"},\"datePublished\":\"2024-10-09T07:08:39+00:00\",\"dateModified\":\"2024-11-13T12:27:35+00:00\",\"breadcrumb\":{\"@id\":\"https:\/\/campinglavall.net\/es\/politica-de-proteccion-de-datos\/#breadcrumb\"},\"inLanguage\":\"es\",\"potentialAction\":[{\"@type\":\"ReadAction\",\"target\":[\"https:\/\/campinglavall.net\/es\/politica-de-proteccion-de-datos\/\"]}]},{\"@type\":\"BreadcrumbList\",\"@id\":\"https:\/\/campinglavall.net\/es\/politica-de-proteccion-de-datos\/#breadcrumb\",\"itemListElement\":[{\"@type\":\"ListItem\",\"position\":1,\"name\":\"Portada\",\"item\":\"https:\/\/campinglavall.net\/es\/\"},{\"@type\":\"ListItem\",\"position\":2,\"name\":\"Pol\u00edtica de protecci\u00f3n de datos\"}]},{\"@type\":\"WebSite\",\"@id\":\"https:\/\/campinglavall.net\/es\/#website\",\"url\":\"https:\/\/campinglavall.net\/es\/\",\"name\":\"Camping La Vall\",\"description\":\"\",\"potentialAction\":[{\"@type\":\"SearchAction\",\"target\":{\"@type\":\"EntryPoint\",\"urlTemplate\":\"https:\/\/campinglavall.net\/es\/?s={search_term_string}\"},\"query-input\":{\"@type\":\"PropertyValueSpecification\",\"valueRequired\":true,\"valueName\":\"search_term_string\"}}],\"inLanguage\":\"es\"}]}<\/script>\n<!-- \/ Yoast SEO plugin. -->","yoast_head_json":{"title":"Pol\u00edtica de protecci\u00f3n de datos - Camping La Vall","robots":{"index":"index","follow":"follow","max-snippet":"max-snippet:-1","max-image-preview":"max-image-preview:large","max-video-preview":"max-video-preview:-1"},"canonical":"https:\/\/campinglavall.net\/es\/politica-de-proteccion-de-datos\/","og_locale":"es_ES","og_type":"article","og_title":"Pol\u00edtica de protecci\u00f3n de datos - Camping La Vall","og_description":"Pol\u00edtica de protecci\u00f3n de datos CAMPINGLAVALLDECAMPMAJOR se compromete a proteger la privacidad de los usuarios que accedan a esta web y\/o cualquiera de sus servicios. La utilizaci\u00f3n de la web y\/o de cualquiera de los servicios ofrecidos por CAMPINGLAVALLDECAMPMAJOR implica la aceptaci\u00f3n por el usuario de las disposiciones contenidas en la presente Pol\u00edtica de Privacidad...","og_url":"https:\/\/campinglavall.net\/es\/politica-de-proteccion-de-datos\/","og_site_name":"Camping La Vall","article_modified_time":"2024-11-13T12:27:35+00:00","twitter_card":"summary_large_image","twitter_misc":{"Tiempo de lectura":"3 minutos"},"schema":{"@context":"https:\/\/schema.org","@graph":[{"@type":"WebPage","@id":"https:\/\/campinglavall.net\/es\/politica-de-proteccion-de-datos\/","url":"https:\/\/campinglavall.net\/es\/politica-de-proteccion-de-datos\/","name":"Pol\u00edtica de protecci\u00f3n de datos - Camping La Vall","isPartOf":{"@id":"https:\/\/campinglavall.net\/es\/#website"},"datePublished":"2024-10-09T07:08:39+00:00","dateModified":"2024-11-13T12:27:35+00:00","breadcrumb":{"@id":"https:\/\/campinglavall.net\/es\/politica-de-proteccion-de-datos\/#breadcrumb"},"inLanguage":"es","potentialAction":[{"@type":"ReadAction","target":["https:\/\/campinglavall.net\/es\/politica-de-proteccion-de-datos\/"]}]},{"@type":"BreadcrumbList","@id":"https:\/\/campinglavall.net\/es\/politica-de-proteccion-de-datos\/#breadcrumb","itemListElement":[{"@type":"ListItem","position":1,"name":"Portada","item":"https:\/\/campinglavall.net\/es\/"},{"@type":"ListItem","position":2,"name":"Pol\u00edtica de protecci\u00f3n de datos"}]},{"@type":"WebSite","@id":"https:\/\/campinglavall.net\/es\/#website","url":"https:\/\/campinglavall.net\/es\/","name":"Camping La Vall","description":"","potentialAction":[{"@type":"SearchAction","target":{"@type":"EntryPoint","urlTemplate":"https:\/\/campinglavall.net\/es\/?s={search_term_string}"},"query-input":{"@type":"PropertyValueSpecification","valueRequired":true,"valueName":"search_term_string"}}],"inLanguage":"es"}]}},"_links":{"self":[{"href":"https:\/\/campinglavall.net\/es\/wp-json\/wp\/v2\/pages\/6228","targetHints":{"allow":["GET"]}}],"collection":[{"href":"https:\/\/campinglavall.net\/es\/wp-json\/wp\/v2\/pages"}],"about":[{"href":"https:\/\/campinglavall.net\/es\/wp-json\/wp\/v2\/types\/page"}],"author":[{"embeddable":true,"href":"https:\/\/campinglavall.net\/es\/wp-json\/wp\/v2\/users\/1"}],"replies":[{"embeddable":true,"href":"https:\/\/campinglavall.net\/es\/wp-json\/wp\/v2\/comments?post=6228"}],"version-history":[{"count":3,"href":"https:\/\/campinglavall.net\/es\/wp-json\/wp\/v2\/pages\/6228\/revisions"}],"predecessor-version":[{"id":6420,"href":"https:\/\/campinglavall.net\/es\/wp-json\/wp\/v2\/pages\/6228\/revisions\/6420"}],"wp:attachment":[{"href":"https:\/\/campinglavall.net\/es\/wp-json\/wp\/v2\/media?parent=6228"}],"curies":[{"name":"wp","href":"https:\/\/api.w.org\/{rel}","templated":true}]}}